{"id":690,"date":"2026-02-26T12:49:46","date_gmt":"2026-02-26T11:49:46","guid":{"rendered":"https:\/\/testsystem.meisel-webdesign.de\/rs\/?post_type=projekt&#038;p=690"},"modified":"2026-03-30T15:48:21","modified_gmt":"2026-03-30T13:48:21","slug":"wohnen-in-der-sewanstrasse","status":"publish","type":"projekt","link":"https:\/\/testsystem.meisel-webdesign.de\/rs\/projekt\/wohnen-in-der-sewanstrasse\/","title":{"rendered":"Wohnen in der Sewanstra\u00dfe, 1. Preis"},"content":{"rendered":"<ul>\n<li>Bauweise: 5-8 geschossiger Holz-Hybridbau<\/li>\n<li>BGF: 8.890 m\u00b2<\/li>\n<li>Auftraggeberin: HOWOGE Wohnungsbaugesellschaft mbH<\/li>\n<li><a href=\"#jump\">vollst\u00e4ndiger Steckbrief<\/a><\/li>\n<\/ul>\n<p><img loading=\"lazy\" decoding=\"async\" class=\"align size-large wp-image-1046 img-fluid aligncenter is-landscape\" src=\"https:\/\/testsystem.meisel-webdesign.de\/rs\/wp-content\/uploads\/2026\/02\/20260306_101850-kopie-1-sw-1024x608.jpg\" alt=\"\" srcset=\"https:\/\/testsystem.meisel-webdesign.de\/rs\/wp-content\/uploads\/2026\/02\/20260306_101850-kopie-1-sw-1024x608.jpg 1024w, https:\/\/testsystem.meisel-webdesign.de\/rs\/wp-content\/uploads\/2026\/02\/20260306_101850-kopie-1-sw-300x178.jpg 300w, https:\/\/testsystem.meisel-webdesign.de\/rs\/wp-content\/uploads\/2026\/02\/20260306_101850-kopie-1-sw-768x456.jpg 768w, https:\/\/testsystem.meisel-webdesign.de\/rs\/wp-content\/uploads\/2026\/02\/20260306_101850-kopie-1-sw-1536x912.jpg 1536w, https:\/\/testsystem.meisel-webdesign.de\/rs\/wp-content\/uploads\/2026\/02\/20260306_101850-kopie-1-sw-2048x1216.jpg 2048w\" sizes=\"auto, (max-width: 1024px) 100vw, 1024px\"><\/p>\n<h3>Pr\u00e4gnante Baufigur im st\u00e4dtebaulichen Kontext<\/h3>\n<p>Ein durchg\u00e4ngiger Riegel mit drei turmartigen Hochpunkten entlang der Sewanstra\u00dfe pr\u00e4gt den Neubau. Die H\u00f6henentwicklung des Geb\u00e4udes vermittelt zwischen den angrenzenden Bestandsbauten und der geplanten Bebauung des Nachbargrundst\u00fccks. Ein \u00f6ffentlicher Durchgang verbindet den Hof mit den Bestandsgeb\u00e4uden.<\/p>\n<h3>Flexible Erdgeschossnutzung und klare Wohnorganisation<\/h3>\n<p>Im Erdgeschoss befindet sich eine durchg\u00e4ngige Parketage, die bei Bedarf in Gewerbefl\u00e4chen umgewandelt werden kann. Alle Wohnungen in den dar\u00fcber liegenden Etagen werden \u00fcber Laubeng\u00e4nge erschlossen und haben eine Nord-S\u00fcd-Ausrichtung. Die Wohn- und Schlafr\u00e4ume sind dem ruhigen Wohnhof zugewandt, w\u00e4hrend die Nebenr\u00e4ume auf der Nordseite zur belebten Sewanstra\u00dfe ausgerichtet sind. Mehr als 50 % der Wohneinheiten sind barrierefrei konzipiert.<\/p>\n<h3 data-start=\"678\" data-end=\"839\">Serielle Vorfertigung in Holz-Hybridbauweise<\/h3>\n<p>Die Wiederholung eines seriellen Moduls (3 m x 3 m x 3 m) und ein einfaches Entwurfsprinzip machen eine vollst\u00e4ndige serielle Vorfertigung der Elemente m\u00f6glich. Es ist eine Holz-Hybridbauweise mit hinterl\u00fcfteter Holzfassade geplant. Die zentrale W\u00e4rmeversorgung erfolgt mittels einer Luft-Wasser-W\u00e4rmepumpe sowie einer Photovoltaikanlage, die auf dem Dach installiert wird.<\/p>\n<p><img loading=\"lazy\" decoding=\"async\" class=\"align size-large wp-image-1047 img-fluid aligncenter is-landscape\" src=\"https:\/\/testsystem.meisel-webdesign.de\/rs\/wp-content\/uploads\/2026\/02\/20260306_103220-sw-1024x455.jpg\" alt=\"\" srcset=\"https:\/\/testsystem.meisel-webdesign.de\/rs\/wp-content\/uploads\/2026\/02\/20260306_103220-sw-1024x455.jpg 1024w, https:\/\/testsystem.meisel-webdesign.de\/rs\/wp-content\/uploads\/2026\/02\/20260306_103220-sw-300x133.jpg 300w, https:\/\/testsystem.meisel-webdesign.de\/rs\/wp-content\/uploads\/2026\/02\/20260306_103220-sw-768x341.jpg 768w, https:\/\/testsystem.meisel-webdesign.de\/rs\/wp-content\/uploads\/2026\/02\/20260306_103220-sw-1536x683.jpg 1536w, https:\/\/testsystem.meisel-webdesign.de\/rs\/wp-content\/uploads\/2026\/02\/20260306_103220-sw-2048x910.jpg 2048w\" sizes=\"auto, (max-width: 1024px) 100vw, 1024px\"><img loading=\"lazy\" decoding=\"async\" class=\"align size-large wp-image-1048 img-fluid aligncenter is-landscape\" src=\"https:\/\/testsystem.meisel-webdesign.de\/rs\/wp-content\/uploads\/2026\/02\/20260306_114845-sw-1024x472.jpg\" alt=\"\" srcset=\"https:\/\/testsystem.meisel-webdesign.de\/rs\/wp-content\/uploads\/2026\/02\/20260306_114845-sw-1024x472.jpg 1024w, https:\/\/testsystem.meisel-webdesign.de\/rs\/wp-content\/uploads\/2026\/02\/20260306_114845-sw-300x138.jpg 300w, https:\/\/testsystem.meisel-webdesign.de\/rs\/wp-content\/uploads\/2026\/02\/20260306_114845-sw-768x354.jpg 768w, https:\/\/testsystem.meisel-webdesign.de\/rs\/wp-content\/uploads\/2026\/02\/20260306_114845-sw-1536x708.jpg 1536w, https:\/\/testsystem.meisel-webdesign.de\/rs\/wp-content\/uploads\/2026\/02\/20260306_114845-sw-2048x944.jpg 2048w\" sizes=\"auto, (max-width: 1024px) 100vw, 1024px\"><img loading=\"lazy\" decoding=\"async\" class=\"size-large wp-image-1049 img-fluid aligncenter is-portrait\" src=\"https:\/\/testsystem.meisel-webdesign.de\/rs\/wp-content\/uploads\/2026\/02\/20260306_115542-kopie-1-sw-776x1024.jpg\" alt=\"\" srcset=\"https:\/\/testsystem.meisel-webdesign.de\/rs\/wp-content\/uploads\/2026\/02\/20260306_115542-kopie-1-sw-776x1024.jpg 776w, https:\/\/testsystem.meisel-webdesign.de\/rs\/wp-content\/uploads\/2026\/02\/20260306_115542-kopie-1-sw-227x300.jpg 227w, https:\/\/testsystem.meisel-webdesign.de\/rs\/wp-content\/uploads\/2026\/02\/20260306_115542-kopie-1-sw-768x1013.jpg 768w, https:\/\/testsystem.meisel-webdesign.de\/rs\/wp-content\/uploads\/2026\/02\/20260306_115542-kopie-1-sw-1165x1536.jpg 1165w, https:\/\/testsystem.meisel-webdesign.de\/rs\/wp-content\/uploads\/2026\/02\/20260306_115542-kopie-1-sw-1553x2048.jpg 1553w, https:\/\/testsystem.meisel-webdesign.de\/rs\/wp-content\/uploads\/2026\/02\/20260306_115542-kopie-1-sw.jpg 1844w\" sizes=\"auto, (max-width: 776px) 100vw, 776px\"><\/p>\n<div class=\"fws-gallery-slider\"><div id=\"fwsCarousel-24c3806f-caf5-4f21-9db8-67ac272413cc\" class=\"carousel carousel-dark slide\" data-bs-ride=\"false\" data-bs-interval=\"false\" data-bs-touch=\"true\"><div class=\"carousel-inner\"><div class=\"carousel-item active\"><div class=\"fws-slider-frame\"><img class=\"is-landscape img-fluid fws-slider-img\" decoding=\"async\" src=\"https:\/\/testsystem.meisel-webdesign.de\/rs\/wp-content\/uploads\/2026\/02\/CKRS-WBW-Sewanstrasse-Lageplan-1024x605.jpg\" data-type=\"wpmfgalleryimg\" data-attachment-id=\"702\" data-wpmf-size=\"large\" alt=\"20 08 SES GR 1OG 1. Obergeschoss\"><\/div><div class=\"carousel-caption\"><p>Lageplan<\/p><\/div><\/div><div class=\"carousel-item\"><div class=\"fws-slider-frame\"><img class=\"is-landscape img-fluid fws-slider-img\" decoding=\"async\" src=\"https:\/\/testsystem.meisel-webdesign.de\/rs\/wp-content\/uploads\/2026\/02\/CKRS-WBW-Sewanstrasse-Grundriss-EG-1024x576.jpg\" data-type=\"wpmfgalleryimg\" data-attachment-id=\"699\" data-wpmf-size=\"large\" alt=\"20 08 SES GR 1OG 1. Obergeschoss\"><\/div><div class=\"carousel-caption\"><p>Erdgeschoss<\/p><\/div><\/div><div class=\"carousel-item\"><div class=\"fws-slider-frame\"><img class=\"is-landscape img-fluid fws-slider-img\" decoding=\"async\" src=\"https:\/\/testsystem.meisel-webdesign.de\/rs\/wp-content\/uploads\/2026\/02\/CKRS-WBW-Sewanstrasse-Grundriss-1OG-1024x576.jpg\" data-type=\"wpmfgalleryimg\" data-attachment-id=\"694\" data-wpmf-size=\"large\" alt=\"20 08 SES GR 1OG 1. Obergeschoss\"><\/div><div class=\"carousel-caption\"><p>1.OG<\/p><\/div><\/div><div class=\"carousel-item\"><div class=\"fws-slider-frame\"><img class=\"is-landscape img-fluid fws-slider-img\" decoding=\"async\" src=\"https:\/\/testsystem.meisel-webdesign.de\/rs\/wp-content\/uploads\/2026\/02\/CKRS-WBW-Sewanstrasse-Grundriss-2-4OG-1024x576.jpg\" data-type=\"wpmfgalleryimg\" data-attachment-id=\"695\" data-wpmf-size=\"large\" alt=\"20 08 SES GR 1OG 1. Obergeschoss\"><\/div><div class=\"carousel-caption\"><p>2.OG<\/p><\/div><\/div><div class=\"carousel-item\"><div class=\"fws-slider-frame\"><img class=\"is-landscape img-fluid fws-slider-img\" decoding=\"async\" src=\"https:\/\/testsystem.meisel-webdesign.de\/rs\/wp-content\/uploads\/2026\/02\/CKRS-WBW-Sewanstrasse-Grundriss-5OG-1024x576.jpg\" data-type=\"wpmfgalleryimg\" data-attachment-id=\"696\" data-wpmf-size=\"large\" alt=\"20 08 SES GR 1OG 1. Obergeschoss\"><\/div><div class=\"carousel-caption\"><p>5.OG<\/p><\/div><\/div><div class=\"carousel-item\"><div class=\"fws-slider-frame\"><img class=\"is-landscape img-fluid fws-slider-img\" decoding=\"async\" src=\"https:\/\/testsystem.meisel-webdesign.de\/rs\/wp-content\/uploads\/2026\/02\/CKRS-WBW-Sewanstrasse-Grundriss-6OG-1024x576.jpg\" data-type=\"wpmfgalleryimg\" data-attachment-id=\"697\" data-wpmf-size=\"large\" alt=\"20 08 SES GR 1OG 1. Obergeschoss\"><\/div><div class=\"carousel-caption\"><p>6.OG<\/p><\/div><\/div><div class=\"carousel-item\"><div class=\"fws-slider-frame\"><img class=\"is-landscape img-fluid fws-slider-img\" decoding=\"async\" src=\"https:\/\/testsystem.meisel-webdesign.de\/rs\/wp-content\/uploads\/2026\/02\/CKRS-WBW-Sewanstrasse-Grundriss-7OG-1024x576.jpg\" data-type=\"wpmfgalleryimg\" data-attachment-id=\"698\" data-wpmf-size=\"large\" alt=\"20 08 SES GR 1OG 1. Obergeschoss\"><\/div><div class=\"carousel-caption\"><p>7.OG<\/p><\/div><\/div><div class=\"carousel-item\"><div class=\"fws-slider-frame\"><img class=\"is-landscape img-fluid fws-slider-img\" decoding=\"async\" src=\"https:\/\/testsystem.meisel-webdesign.de\/rs\/wp-content\/uploads\/2026\/02\/CKRS-WBW-Sewanstrasse-Ansicht-West-1024x576.jpg\" data-type=\"wpmfgalleryimg\" data-attachment-id=\"693\" data-wpmf-size=\"large\" alt=\"20 08 SES GR 1OG 1. Obergeschoss\"><\/div><\/div><div class=\"carousel-item\"><div class=\"fws-slider-frame\"><img class=\"is-landscape img-fluid fws-slider-img\" decoding=\"async\" src=\"https:\/\/testsystem.meisel-webdesign.de\/rs\/wp-content\/uploads\/2026\/02\/CKRS-WBW-Sewanstrasse-Ansicht-Sued-1024x576.jpg\" data-type=\"wpmfgalleryimg\" data-attachment-id=\"692\" data-wpmf-size=\"large\" alt=\"20 08 SES GR 1OG 1. Obergeschoss\"><\/div><\/div><div class=\"carousel-item\"><div class=\"fws-slider-frame\"><img class=\"is-landscape img-fluid fws-slider-img\" decoding=\"async\" src=\"https:\/\/testsystem.meisel-webdesign.de\/rs\/wp-content\/uploads\/2026\/02\/CKRS-WBW-Sewanstrasse-Ansicht-Nord-1024x576.jpg\" data-type=\"wpmfgalleryimg\" data-attachment-id=\"691\" data-wpmf-size=\"large\" alt=\"20 08 SES GR 1OG 1. Obergeschoss\"><\/div><\/div><div class=\"carousel-item\"><div class=\"fws-slider-frame\"><img class=\"is-landscape img-fluid fws-slider-img\" decoding=\"async\" src=\"https:\/\/testsystem.meisel-webdesign.de\/rs\/wp-content\/uploads\/2026\/02\/CKRS-WBW-Sewanstrasse-Schnitt-1-1-1024x576.jpg\" data-type=\"wpmfgalleryimg\" data-attachment-id=\"704\" data-wpmf-size=\"large\" alt=\"20 08 SES GR 1OG 1. Obergeschoss\"><\/div><\/div><div class=\"carousel-item\"><div class=\"fws-slider-frame\"><img class=\"is-landscape img-fluid fws-slider-img\" decoding=\"async\" src=\"https:\/\/testsystem.meisel-webdesign.de\/rs\/wp-content\/uploads\/2026\/02\/CKRS-WBW-Sewanstrasse-Wohnungstypen-1024x576.jpg\" data-type=\"wpmfgalleryimg\" data-attachment-id=\"705\" data-wpmf-size=\"large\" alt=\"20 08 SES GR 1OG 1. Obergeschoss\"><\/div><\/div><\/div><button class=\"carousel-control-prev\" type=\"button\" data-bs-target=\"#fwsCarousel-24c3806f-caf5-4f21-9db8-67ac272413cc\" data-bs-slide=\"prev\"><span class=\"carousel-control-prev-icon\" aria-hidden=\"true\"><\/span><span class=\"visually-hidden\">Previous<\/span><\/button><button class=\"carousel-control-next\" type=\"button\" data-bs-target=\"#fwsCarousel-24c3806f-caf5-4f21-9db8-67ac272413cc\" data-bs-slide=\"next\"><span class=\"carousel-control-next-icon\" aria-hidden=\"true\"><\/span><span class=\"visually-hidden\">Next<\/span><\/button><\/div><\/div>\n<div class=\"fws-gallery-slider\"><div id=\"fwsCarousel-293fee18-f666-4ab5-9566-74aef7f9800b\" class=\"carousel carousel-dark slide\" data-bs-ride=\"false\" data-bs-interval=\"false\" data-bs-touch=\"true\"><div class=\"carousel-inner\"><div class=\"carousel-item active\"><div class=\"fws-slider-frame\"><img class=\"is-landscape img-fluid fws-slider-img\" decoding=\"async\" src=\"https:\/\/testsystem.meisel-webdesign.de\/rs\/wp-content\/uploads\/2026\/02\/CKRS-WBW-Sewanstrasse-Isometrie-Kubatur-1024x904.jpg\" data-type=\"wpmfgalleryimg\" data-attachment-id=\"700\" data-wpmf-size=\"large\" alt=\"20 08 SES KON MOD Modularit\u00e4t Raster\"><\/div><\/div><div class=\"carousel-item\"><div class=\"fws-slider-frame\"><img class=\"is-landscape img-fluid fws-slider-img\" decoding=\"async\" src=\"https:\/\/testsystem.meisel-webdesign.de\/rs\/wp-content\/uploads\/2026\/02\/CKRS-WBW-Sewanstrasse-Isometrie-Modularitaet-1024x904.jpg\" data-type=\"wpmfgalleryimg\" data-attachment-id=\"701\" data-wpmf-size=\"large\" alt=\"20 08 SES KON MOD Modularit\u00e4t Raster\"><\/div><\/div><\/div><button class=\"carousel-control-prev\" type=\"button\" data-bs-target=\"#fwsCarousel-293fee18-f666-4ab5-9566-74aef7f9800b\" data-bs-slide=\"prev\"><span class=\"carousel-control-prev-icon\" aria-hidden=\"true\"><\/span><span class=\"visually-hidden\">Previous<\/span><\/button><button class=\"carousel-control-next\" type=\"button\" data-bs-target=\"#fwsCarousel-293fee18-f666-4ab5-9566-74aef7f9800b\" data-bs-slide=\"next\"><span class=\"carousel-control-next-icon\" aria-hidden=\"true\"><\/span><span class=\"visually-hidden\">Next<\/span><\/button><\/div><\/div>\n","protected":false},"featured_media":703,"template":"","meta":{"_acf_changed":false},"projekttyp":[3,12],"class_list":["post-690","projekt","type-projekt","status-publish","has-post-thumbnail","hentry","projekttyp-holzbau","projekttyp-wohnungsbau"],"acf":[],"yoast_head":"<!-- This site is optimized with the Yoast SEO plugin v27.5 - https:\/\/yoast.com\/product\/yoast-seo-wordpress\/ -->\n<title>Wohnen in der Sewanstra\u00dfe, 1. Preis - Rozynski Sturm Architekten<\/title>\n<meta name=\"description\" content=\"In der Sewanstra\u00dfe im Berliner Bezirk Lichtenberg entsteht ein Wohnhaus, das als &quot;Nur-Strom-Haus&quot; konzipiert ist.\" \/>\n<meta name=\"robots\" content=\"index, follow, max-snippet:-1, max-image-preview:large, max-video-preview:-1\" \/>\n<link rel=\"canonical\" href=\"https:\/\/testsystem.meisel-webdesign.de\/rs\/projekt\/wohnen-in-der-sewanstrasse\/\" \/>\n<meta property=\"og:locale\" content=\"de_DE\" \/>\n<meta property=\"og:type\" content=\"article\" \/>\n<meta property=\"og:title\" content=\"Wohnen in der Sewanstra\u00dfe, 1. Preis - Rozynski Sturm Architekten\" \/>\n<meta property=\"og:description\" content=\"In der Sewanstra\u00dfe im Berliner Bezirk Lichtenberg entsteht ein Wohnhaus, das als &quot;Nur-Strom-Haus&quot; konzipiert ist.\" \/>\n<meta property=\"og:url\" content=\"https:\/\/testsystem.meisel-webdesign.de\/rs\/projekt\/wohnen-in-der-sewanstrasse\/\" \/>\n<meta property=\"og:site_name\" content=\"Rozynski Sturm Architekten\" \/>\n<meta property=\"article:modified_time\" content=\"2026-03-30T13:48:21+00:00\" \/>\n<meta property=\"og:image\" content=\"https:\/\/testsystem.meisel-webdesign.de\/rs\/wp-content\/uploads\/2026\/02\/CKRS-WBW-Sewanstrasse-Perspektive-Aussen-1024x610.jpg\" \/>\n\t<meta property=\"og:image:width\" content=\"1024\" \/>\n\t<meta property=\"og:image:height\" content=\"610\" \/>\n\t<meta property=\"og:image:type\" content=\"image\/jpeg\" \/>\n<meta name=\"twitter:card\" content=\"summary_large_image\" \/>\n<meta name=\"twitter:label1\" content=\"Gesch\u00e4tzte Lesezeit\" \/>\n\t<meta name=\"twitter:data1\" content=\"3\u00a0Minuten\" \/>\n<script type=\"application\/ld+json\" class=\"yoast-schema-graph\">{\"@context\":\"https:\\\/\\\/schema.org\",\"@graph\":[{\"@type\":\"WebPage\",\"@id\":\"https:\\\/\\\/testsystem.meisel-webdesign.de\\\/rs\\\/projekt\\\/wohnen-in-der-sewanstrasse\\\/\",\"url\":\"https:\\\/\\\/testsystem.meisel-webdesign.de\\\/rs\\\/projekt\\\/wohnen-in-der-sewanstrasse\\\/\",\"name\":\"Wohnen in der Sewanstra\u00dfe, 1. Preis - Rozynski Sturm Architekten\",\"isPartOf\":{\"@id\":\"https:\\\/\\\/testsystem.meisel-webdesign.de\\\/rs\\\/#website\"},\"primaryImageOfPage\":{\"@id\":\"https:\\\/\\\/testsystem.meisel-webdesign.de\\\/rs\\\/projekt\\\/wohnen-in-der-sewanstrasse\\\/#primaryimage\"},\"image\":{\"@id\":\"https:\\\/\\\/testsystem.meisel-webdesign.de\\\/rs\\\/projekt\\\/wohnen-in-der-sewanstrasse\\\/#primaryimage\"},\"thumbnailUrl\":\"https:\\\/\\\/testsystem.meisel-webdesign.de\\\/rs\\\/wp-content\\\/uploads\\\/2026\\\/02\\\/CKRS-WBW-Sewanstrasse-Perspektive-Aussen.jpg\",\"datePublished\":\"2026-02-26T11:49:46+00:00\",\"dateModified\":\"2026-03-30T13:48:21+00:00\",\"description\":\"In der Sewanstra\u00dfe im Berliner Bezirk Lichtenberg entsteht ein Wohnhaus, das als \\\"Nur-Strom-Haus\\\" konzipiert ist.\",\"breadcrumb\":{\"@id\":\"https:\\\/\\\/testsystem.meisel-webdesign.de\\\/rs\\\/projekt\\\/wohnen-in-der-sewanstrasse\\\/#breadcrumb\"},\"inLanguage\":\"de\",\"potentialAction\":[{\"@type\":\"ReadAction\",\"target\":[\"https:\\\/\\\/testsystem.meisel-webdesign.de\\\/rs\\\/projekt\\\/wohnen-in-der-sewanstrasse\\\/\"]}]},{\"@type\":\"ImageObject\",\"inLanguage\":\"de\",\"@id\":\"https:\\\/\\\/testsystem.meisel-webdesign.de\\\/rs\\\/projekt\\\/wohnen-in-der-sewanstrasse\\\/#primaryimage\",\"url\":\"https:\\\/\\\/testsystem.meisel-webdesign.de\\\/rs\\\/wp-content\\\/uploads\\\/2026\\\/02\\\/CKRS-WBW-Sewanstrasse-Perspektive-Aussen.jpg\",\"contentUrl\":\"https:\\\/\\\/testsystem.meisel-webdesign.de\\\/rs\\\/wp-content\\\/uploads\\\/2026\\\/02\\\/CKRS-WBW-Sewanstrasse-Perspektive-Aussen.jpg\",\"width\":2400,\"height\":1430},{\"@type\":\"BreadcrumbList\",\"@id\":\"https:\\\/\\\/testsystem.meisel-webdesign.de\\\/rs\\\/projekt\\\/wohnen-in-der-sewanstrasse\\\/#breadcrumb\",\"itemListElement\":[{\"@type\":\"ListItem\",\"position\":1,\"name\":\"Start\",\"item\":\"https:\\\/\\\/testsystem.meisel-webdesign.de\\\/rs\\\/\"},{\"@type\":\"ListItem\",\"position\":2,\"name\":\"Wohnen in der Sewanstra\u00dfe, 1. Preis\"}]},{\"@type\":\"WebSite\",\"@id\":\"https:\\\/\\\/testsystem.meisel-webdesign.de\\\/rs\\\/#website\",\"url\":\"https:\\\/\\\/testsystem.meisel-webdesign.de\\\/rs\\\/\",\"name\":\"Rozynski Sturm Architekten\",\"description\":\"\",\"potentialAction\":[{\"@type\":\"SearchAction\",\"target\":{\"@type\":\"EntryPoint\",\"urlTemplate\":\"https:\\\/\\\/testsystem.meisel-webdesign.de\\\/rs\\\/?s={search_term_string}\"},\"query-input\":{\"@type\":\"PropertyValueSpecification\",\"valueRequired\":true,\"valueName\":\"search_term_string\"}}],\"inLanguage\":\"de\"}]}<\/script>\n<!-- \/ Yoast SEO plugin. -->","yoast_head_json":{"title":"Wohnen in der Sewanstra\u00dfe, 1. Preis - Rozynski Sturm Architekten","description":"In der Sewanstra\u00dfe im Berliner Bezirk Lichtenberg entsteht ein Wohnhaus, das als \"Nur-Strom-Haus\" konzipiert ist.","robots":{"index":"index","follow":"follow","max-snippet":"max-snippet:-1","max-image-preview":"max-image-preview:large","max-video-preview":"max-video-preview:-1"},"canonical":"https:\/\/testsystem.meisel-webdesign.de\/rs\/projekt\/wohnen-in-der-sewanstrasse\/","og_locale":"de_DE","og_type":"article","og_title":"Wohnen in der Sewanstra\u00dfe, 1. Preis - Rozynski Sturm Architekten","og_description":"In der Sewanstra\u00dfe im Berliner Bezirk Lichtenberg entsteht ein Wohnhaus, das als \"Nur-Strom-Haus\" konzipiert ist.","og_url":"https:\/\/testsystem.meisel-webdesign.de\/rs\/projekt\/wohnen-in-der-sewanstrasse\/","og_site_name":"Rozynski Sturm Architekten","article_modified_time":"2026-03-30T13:48:21+00:00","og_image":[{"width":1024,"height":610,"url":"https:\/\/testsystem.meisel-webdesign.de\/rs\/wp-content\/uploads\/2026\/02\/CKRS-WBW-Sewanstrasse-Perspektive-Aussen-1024x610.jpg","type":"image\/jpeg"}],"twitter_card":"summary_large_image","twitter_misc":{"Gesch\u00e4tzte Lesezeit":"3\u00a0Minuten"},"schema":{"@context":"https:\/\/schema.org","@graph":[{"@type":"WebPage","@id":"https:\/\/testsystem.meisel-webdesign.de\/rs\/projekt\/wohnen-in-der-sewanstrasse\/","url":"https:\/\/testsystem.meisel-webdesign.de\/rs\/projekt\/wohnen-in-der-sewanstrasse\/","name":"Wohnen in der Sewanstra\u00dfe, 1. Preis - Rozynski Sturm Architekten","isPartOf":{"@id":"https:\/\/testsystem.meisel-webdesign.de\/rs\/#website"},"primaryImageOfPage":{"@id":"https:\/\/testsystem.meisel-webdesign.de\/rs\/projekt\/wohnen-in-der-sewanstrasse\/#primaryimage"},"image":{"@id":"https:\/\/testsystem.meisel-webdesign.de\/rs\/projekt\/wohnen-in-der-sewanstrasse\/#primaryimage"},"thumbnailUrl":"https:\/\/testsystem.meisel-webdesign.de\/rs\/wp-content\/uploads\/2026\/02\/CKRS-WBW-Sewanstrasse-Perspektive-Aussen.jpg","datePublished":"2026-02-26T11:49:46+00:00","dateModified":"2026-03-30T13:48:21+00:00","description":"In der Sewanstra\u00dfe im Berliner Bezirk Lichtenberg entsteht ein Wohnhaus, das als \"Nur-Strom-Haus\" konzipiert ist.","breadcrumb":{"@id":"https:\/\/testsystem.meisel-webdesign.de\/rs\/projekt\/wohnen-in-der-sewanstrasse\/#breadcrumb"},"inLanguage":"de","potentialAction":[{"@type":"ReadAction","target":["https:\/\/testsystem.meisel-webdesign.de\/rs\/projekt\/wohnen-in-der-sewanstrasse\/"]}]},{"@type":"ImageObject","inLanguage":"de","@id":"https:\/\/testsystem.meisel-webdesign.de\/rs\/projekt\/wohnen-in-der-sewanstrasse\/#primaryimage","url":"https:\/\/testsystem.meisel-webdesign.de\/rs\/wp-content\/uploads\/2026\/02\/CKRS-WBW-Sewanstrasse-Perspektive-Aussen.jpg","contentUrl":"https:\/\/testsystem.meisel-webdesign.de\/rs\/wp-content\/uploads\/2026\/02\/CKRS-WBW-Sewanstrasse-Perspektive-Aussen.jpg","width":2400,"height":1430},{"@type":"BreadcrumbList","@id":"https:\/\/testsystem.meisel-webdesign.de\/rs\/projekt\/wohnen-in-der-sewanstrasse\/#breadcrumb","itemListElement":[{"@type":"ListItem","position":1,"name":"Start","item":"https:\/\/testsystem.meisel-webdesign.de\/rs\/"},{"@type":"ListItem","position":2,"name":"Wohnen in der Sewanstra\u00dfe, 1. Preis"}]},{"@type":"WebSite","@id":"https:\/\/testsystem.meisel-webdesign.de\/rs\/#website","url":"https:\/\/testsystem.meisel-webdesign.de\/rs\/","name":"Rozynski Sturm Architekten","description":"","potentialAction":[{"@type":"SearchAction","target":{"@type":"EntryPoint","urlTemplate":"https:\/\/testsystem.meisel-webdesign.de\/rs\/?s={search_term_string}"},"query-input":{"@type":"PropertyValueSpecification","valueRequired":true,"valueName":"search_term_string"}}],"inLanguage":"de"}]}},"_links":{"self":[{"href":"https:\/\/testsystem.meisel-webdesign.de\/rs\/wp-json\/wp\/v2\/projekt\/690","targetHints":{"allow":["GET"]}}],"collection":[{"href":"https:\/\/testsystem.meisel-webdesign.de\/rs\/wp-json\/wp\/v2\/projekt"}],"about":[{"href":"https:\/\/testsystem.meisel-webdesign.de\/rs\/wp-json\/wp\/v2\/types\/projekt"}],"wp:featuredmedia":[{"embeddable":true,"href":"https:\/\/testsystem.meisel-webdesign.de\/rs\/wp-json\/wp\/v2\/media\/703"}],"wp:attachment":[{"href":"https:\/\/testsystem.meisel-webdesign.de\/rs\/wp-json\/wp\/v2\/media?parent=690"}],"wp:term":[{"taxonomy":"projekttyp","embeddable":true,"href":"https:\/\/testsystem.meisel-webdesign.de\/rs\/wp-json\/wp\/v2\/projekttyp?post=690"}],"curies":[{"name":"wp","href":"https:\/\/api.w.org\/{rel}","templated":true}]}}