{"id":675,"date":"2026-02-26T12:33:37","date_gmt":"2026-02-26T11:33:37","guid":{"rendered":"https:\/\/testsystem.meisel-webdesign.de\/rs\/?post_type=projekt&#038;p=675"},"modified":"2026-03-27T11:18:01","modified_gmt":"2026-03-27T10:18:01","slug":"modulares-studierendenwohnen-aus-holz","status":"publish","type":"projekt","link":"https:\/\/testsystem.meisel-webdesign.de\/rs\/projekt\/modulares-studierendenwohnen-aus-holz\/","title":{"rendered":"Modulares Studierendenwohnen, 1. Preis"},"content":{"rendered":"<ul>\n<li>Bauweise: 3D-Holz-Modulbau<\/li>\n<li>BGF: 3.280 m\u00b2<\/li>\n<li>Auftraggeberin: HOWOGE Wohnungsbaugesellschaft mbH<\/li>\n<li><a href=\"#jump\">vollst\u00e4ndiger Steckbrief<\/a><\/li>\n<\/ul>\n<p><img loading=\"lazy\" decoding=\"async\" class=\"img-fluid aligncenter wp-image-687 size-large is-landscape\" src=\"https:\/\/testsystem.meisel-webdesign.de\/rs\/wp-content\/uploads\/2026\/02\/CKRS-Alfred-Kowalke-Strasse-Perspektive-Strasse-1024x724.jpg\" alt=\"\" srcset=\"https:\/\/testsystem.meisel-webdesign.de\/rs\/wp-content\/uploads\/2026\/02\/CKRS-Alfred-Kowalke-Strasse-Perspektive-Strasse-1024x724.jpg 1024w, https:\/\/testsystem.meisel-webdesign.de\/rs\/wp-content\/uploads\/2026\/02\/CKRS-Alfred-Kowalke-Strasse-Perspektive-Strasse-300x212.jpg 300w, https:\/\/testsystem.meisel-webdesign.de\/rs\/wp-content\/uploads\/2026\/02\/CKRS-Alfred-Kowalke-Strasse-Perspektive-Strasse-768x543.jpg 768w, https:\/\/testsystem.meisel-webdesign.de\/rs\/wp-content\/uploads\/2026\/02\/CKRS-Alfred-Kowalke-Strasse-Perspektive-Strasse-1536x1086.jpg 1536w, https:\/\/testsystem.meisel-webdesign.de\/rs\/wp-content\/uploads\/2026\/02\/CKRS-Alfred-Kowalke-Strasse-Perspektive-Strasse-2048x1448.jpg 2048w\" sizes=\"auto, (max-width: 1024px) 100vw, 1024px\"><\/p>\n<h3>Reduktion, Vorfertigung und Kreislauff\u00e4higkeit<\/h3>\n<p>Durch den Fokus auf Reduktion w\u00e4hrend des gesamten Zyklus, von der Planung \u00fcber die Nutzung bis hin zum R\u00fcckbau, k\u00f6nnen in allen Phasen des Lebenszyklus Material, Platz und Wege eingespart werden. Um die Auswirkungen des Geb\u00e4udes weiter zu minimieren, werden ausschlie\u00dflich erneuerbare oder recycelte Materialien verwendet. Alle Module funktionieren unabh\u00e4ngig voneinander und sind vollst\u00e4ndig vorgefertigt. L\u00f6sbare Verbindungen erlauben bei Bedarf einen unkomplizierten Um- oder R\u00fcckbau.<\/p>\n<h3>Wohnen am Hochschulcampus<\/h3>\n<p>Das Grundst\u00fcck liegt direkt neben der Hochschule f\u00fcr Wirtschaft und Recht Berlin. Gegen\u00fcber befindet sich das ehemalige Gesundheitsamt, das ebenfalls als Studierendenwohnheim revitalisiert wird, so dass ein attraktiver Wohncampus in unmittelbarer N\u00e4he der Hochschule entsteht.<\/p>\n<h3>Modulares Wohnen in Gemeinschaft<\/h3>\n<p>Eine gemeinschaftliche Fahrradwerkstatt, eine Waschk\u00fcche und Dachterrassen mit M\u00f6glichkeiten zum Urban Gardening sowie ein gewerblich genutztes Caf\u00e9 erg\u00e4nzen die bis zu f\u00fcnfgeschossige Wohnnutzung. Ein einzelnes Modul entspricht einer 1-Zimmer-Wohnung und kann durch die Verbindung mehrerer Module zu 2- und 3-Zimmer-Wohngemeinschaften oder zu gro\u00dfen Gemeinschafts- und Gewerbefl\u00e4chen kombiniert werden. Jedes der insgesamt 87 Module verf\u00fcgt \u00fcber eine zentrale, vorgefertigte Technikzelle, die Platz f\u00fcr ein integriertes Bad, einen K\u00fcchenblock und die W\u00e4rmeversorgung bietet.<\/p>\n<h3>Erschlie\u00dfung als sozialer Raum<\/h3>\n<p>Der Zugang zu den Wohnungen erfolgt \u00fcber einen Laubengang. Dank seiner gro\u00dfz\u00fcgigen Dimensionen wird der gemeinschaftliche Koch- und Essbereich nach au\u00dfen erweitert und dient als Au\u00dfenraum und Treffpunkt mit Blick auf das Tierparkgel\u00e4nde.<\/p>\n<div class=\"fws-gallery-slider\"><div id=\"fwsCarousel-cac54c93-3746-4cb8-998f-d2afccaf075c\" class=\"carousel carousel-dark slide\" data-bs-ride=\"false\" data-bs-interval=\"false\" data-bs-touch=\"true\"><div class=\"carousel-inner\"><div class=\"carousel-item active\"><div class=\"fws-slider-frame\"><img class=\"is-landscape img-fluid fws-slider-img\" decoding=\"async\" src=\"https:\/\/testsystem.meisel-webdesign.de\/rs\/wp-content\/uploads\/2026\/02\/CKRS-Alfred-Kowalke-Strasse-Lageplan-1024x743.jpg\" data-type=\"wpmfgalleryimg\" data-attachment-id=\"685\" data-wpmf-size=\"large\" alt=\"CKRS Alfred Kowalke Strasse Lageplan\"><\/div><\/div><div class=\"carousel-item\"><div class=\"fws-slider-frame\"><img class=\"is-landscape img-fluid fws-slider-img\" decoding=\"async\" src=\"https:\/\/testsystem.meisel-webdesign.de\/rs\/wp-content\/uploads\/2026\/02\/CKRS-Alfred-Kowalke-Strasse-Grundriss-EG-1024x641.jpg\" data-type=\"wpmfgalleryimg\" data-attachment-id=\"683\" data-wpmf-size=\"large\" alt=\"CKRS Alfred Kowalke Strasse Grundriss EG\"><\/div><\/div><div class=\"carousel-item\"><div class=\"fws-slider-frame\"><img class=\"is-landscape img-fluid fws-slider-img\" decoding=\"async\" src=\"https:\/\/testsystem.meisel-webdesign.de\/rs\/wp-content\/uploads\/2026\/02\/CKRS-Alfred-Kowalke-Strasse-Grundriss-OG-1024x780.jpg\" data-type=\"wpmfgalleryimg\" data-attachment-id=\"684\" data-wpmf-size=\"large\" alt=\"CKRS Alfred Kowalke Strasse Grundriss OG\"><\/div><\/div><div class=\"carousel-item\"><div class=\"fws-slider-frame\"><img class=\"is-landscape img-fluid fws-slider-img\" decoding=\"async\" src=\"https:\/\/testsystem.meisel-webdesign.de\/rs\/wp-content\/uploads\/2026\/02\/CKRS-Alfred-Kowalke-Strasse-Schnitt-AA-1024x660.jpg\" data-type=\"wpmfgalleryimg\" data-attachment-id=\"688\" data-wpmf-size=\"large\" alt=\"CKRS Alfred Kowalke Strasse Schnitt AA\"><\/div><\/div><div class=\"carousel-item\"><div class=\"fws-slider-frame\"><img class=\"is-landscape img-fluid fws-slider-img\" decoding=\"async\" src=\"https:\/\/testsystem.meisel-webdesign.de\/rs\/wp-content\/uploads\/2026\/02\/CKRS-Alfred-Kowalke-Strasse-Schnitt-BB-1024x643.jpg\" data-type=\"wpmfgalleryimg\" data-attachment-id=\"689\" data-wpmf-size=\"large\" alt=\"CKRS Alfred Kowalke Strasse Schnitt BB\"><\/div><\/div><div class=\"carousel-item\"><div class=\"fws-slider-frame\"><img class=\"is-landscape img-fluid fws-slider-img\" decoding=\"async\" src=\"https:\/\/testsystem.meisel-webdesign.de\/rs\/wp-content\/uploads\/2026\/02\/CKRS-Alfred-Kowalke-Strasse-Fassadenschnitt-1024x844.jpg\" data-type=\"wpmfgalleryimg\" data-attachment-id=\"682\" data-wpmf-size=\"large\" alt=\"CKRS Alfred Kowalke Strasse Fassadenschnitt\"><\/div><\/div><div class=\"carousel-item\"><div class=\"fws-slider-frame\"><img class=\"is-landscape img-fluid fws-slider-img\" decoding=\"async\" src=\"https:\/\/testsystem.meisel-webdesign.de\/rs\/wp-content\/uploads\/2026\/02\/CKRS-Alfred-Kowalke-Strasse-Axonometrie-PopUp-1024x802.jpg\" data-type=\"wpmfgalleryimg\" data-attachment-id=\"681\" data-wpmf-size=\"large\" alt=\"CKRS Alfred Kowalke Strasse Axonometrie PopUp\"><\/div><\/div><div class=\"carousel-item\"><div class=\"fws-slider-frame\"><img class=\"is-landscape img-fluid fws-slider-img\" decoding=\"async\" src=\"https:\/\/testsystem.meisel-webdesign.de\/rs\/wp-content\/uploads\/2026\/02\/CKRS-Alfred-Kowalke-Strasse-Ansicht-Suedost-1024x525.jpg\" data-type=\"wpmfgalleryimg\" data-attachment-id=\"677\" data-wpmf-size=\"large\" alt=\"CKRS Alfred Kowalke Strasse Ansicht Suedost\"><\/div><\/div><div class=\"carousel-item\"><div class=\"fws-slider-frame\"><img class=\"is-landscape img-fluid fws-slider-img\" decoding=\"async\" src=\"https:\/\/testsystem.meisel-webdesign.de\/rs\/wp-content\/uploads\/2026\/02\/CKRS-Alfred-Kowalke-Strasse-Ansicht-Nordwest-1024x525.jpg\" data-type=\"wpmfgalleryimg\" data-attachment-id=\"676\" data-wpmf-size=\"large\" alt=\"CKRS Alfred Kowalke Strasse Ansicht Nordwest\"><\/div><\/div><\/div><button class=\"carousel-control-prev\" type=\"button\" data-bs-target=\"#fwsCarousel-cac54c93-3746-4cb8-998f-d2afccaf075c\" data-bs-slide=\"prev\"><span class=\"carousel-control-prev-icon\" aria-hidden=\"true\"><\/span><span class=\"visually-hidden\">Previous<\/span><\/button><button class=\"carousel-control-next\" type=\"button\" data-bs-target=\"#fwsCarousel-cac54c93-3746-4cb8-998f-d2afccaf075c\" data-bs-slide=\"next\"><span class=\"carousel-control-next-icon\" aria-hidden=\"true\"><\/span><span class=\"visually-hidden\">Next<\/span><\/button><\/div><\/div>\n<div class=\"fws-gallery-slider\"><div id=\"fwsCarousel-412f3c80-75de-4a68-a3b5-d527b0908381\" class=\"carousel carousel-dark slide\" data-bs-ride=\"false\" data-bs-interval=\"false\" data-bs-touch=\"true\"><div class=\"carousel-inner\"><div class=\"carousel-item active\"><div class=\"fws-slider-frame\"><img class=\"is-landscape img-fluid fws-slider-img\" decoding=\"async\" src=\"https:\/\/testsystem.meisel-webdesign.de\/rs\/wp-content\/uploads\/2026\/02\/CKRS-Alfred-Kowalke-Strasse-Axonometrie-Gesamt-1024x738.jpg\" data-type=\"wpmfgalleryimg\" data-attachment-id=\"679\" data-wpmf-size=\"large\" alt=\"CKRS Alfred Kowalke Strasse Axonometrie Gesamt\"><\/div><\/div><div class=\"carousel-item\"><div class=\"fws-slider-frame\"><img class=\"is-landscape img-fluid fws-slider-img\" decoding=\"async\" src=\"https:\/\/testsystem.meisel-webdesign.de\/rs\/wp-content\/uploads\/2026\/02\/CKRS-Alfred-Kowalke-Strasse-Axonometrie-Cycle-1024x859.jpg\" data-type=\"wpmfgalleryimg\" data-attachment-id=\"678\" data-wpmf-size=\"large\" alt=\"CKRS Alfred Kowalke Strasse Axonometrie Cycle\"><\/div><\/div><div class=\"carousel-item\"><div class=\"fws-slider-frame\"><img class=\"is-landscape img-fluid fws-slider-img\" decoding=\"async\" src=\"https:\/\/testsystem.meisel-webdesign.de\/rs\/wp-content\/uploads\/2026\/02\/CKRS-Alfred-Kowalke-Strasse-Axonometrie-Module-1024x917.jpg\" data-type=\"wpmfgalleryimg\" data-attachment-id=\"680\" data-wpmf-size=\"large\" alt=\"CKRS Alfred Kowalke Strasse Axonometrie Module\"><\/div><\/div><\/div><button class=\"carousel-control-prev\" type=\"button\" data-bs-target=\"#fwsCarousel-412f3c80-75de-4a68-a3b5-d527b0908381\" data-bs-slide=\"prev\"><span class=\"carousel-control-prev-icon\" aria-hidden=\"true\"><\/span><span class=\"visually-hidden\">Previous<\/span><\/button><button class=\"carousel-control-next\" type=\"button\" data-bs-target=\"#fwsCarousel-412f3c80-75de-4a68-a3b5-d527b0908381\" data-bs-slide=\"next\"><span class=\"carousel-control-next-icon\" aria-hidden=\"true\"><\/span><span class=\"visually-hidden\">Next<\/span><\/button><\/div><\/div>\n","protected":false},"featured_media":686,"template":"","meta":{"_acf_changed":false},"projekttyp":[3,12],"class_list":["post-675","projekt","type-projekt","status-publish","has-post-thumbnail","hentry","projekttyp-holzbau","projekttyp-wohnungsbau"],"acf":[],"yoast_head":"<!-- This site is optimized with the Yoast SEO plugin v27.5 - https:\/\/yoast.com\/product\/yoast-seo-wordpress\/ -->\n<title>Modulares Studierendenwohnen, 1. Preis - Rozynski Sturm Architekten<\/title>\n<meta name=\"description\" content=\"Das Wohnprojekt f\u00fcr Studierende folgt dem Konzept der Optimierung durch Reduktion. Gestapelte Holzmodule bieten eine nachhaltige und flexible L\u00f6sung.\" \/>\n<meta name=\"robots\" content=\"index, follow, max-snippet:-1, max-image-preview:large, max-video-preview:-1\" \/>\n<link rel=\"canonical\" href=\"https:\/\/testsystem.meisel-webdesign.de\/rs\/projekt\/modulares-studierendenwohnen-aus-holz\/\" \/>\n<meta property=\"og:locale\" content=\"de_DE\" \/>\n<meta property=\"og:type\" content=\"article\" \/>\n<meta property=\"og:title\" content=\"Modulares Studierendenwohnen, 1. Preis - Rozynski Sturm Architekten\" \/>\n<meta property=\"og:description\" content=\"Das Wohnprojekt f\u00fcr Studierende folgt dem Konzept der Optimierung durch Reduktion. Gestapelte Holzmodule bieten eine nachhaltige und flexible L\u00f6sung.\" \/>\n<meta property=\"og:url\" content=\"https:\/\/testsystem.meisel-webdesign.de\/rs\/projekt\/modulares-studierendenwohnen-aus-holz\/\" \/>\n<meta property=\"og:site_name\" content=\"Rozynski Sturm Architekten\" \/>\n<meta property=\"article:modified_time\" content=\"2026-03-27T10:18:01+00:00\" \/>\n<meta property=\"og:image\" content=\"https:\/\/testsystem.meisel-webdesign.de\/rs\/wp-content\/uploads\/2026\/02\/CKRS-Alfred-Kowalke-Strasse-Perspektive-Garten-1024x726.jpg\" \/>\n\t<meta property=\"og:image:width\" content=\"1024\" \/>\n\t<meta property=\"og:image:height\" content=\"726\" \/>\n\t<meta property=\"og:image:type\" content=\"image\/jpeg\" \/>\n<meta name=\"twitter:card\" content=\"summary_large_image\" \/>\n<meta name=\"twitter:label1\" content=\"Gesch\u00e4tzte Lesezeit\" \/>\n\t<meta name=\"twitter:data1\" content=\"2\u00a0Minuten\" \/>\n<script type=\"application\/ld+json\" class=\"yoast-schema-graph\">{\"@context\":\"https:\\\/\\\/schema.org\",\"@graph\":[{\"@type\":\"WebPage\",\"@id\":\"https:\\\/\\\/testsystem.meisel-webdesign.de\\\/rs\\\/projekt\\\/modulares-studierendenwohnen-aus-holz\\\/\",\"url\":\"https:\\\/\\\/testsystem.meisel-webdesign.de\\\/rs\\\/projekt\\\/modulares-studierendenwohnen-aus-holz\\\/\",\"name\":\"Modulares Studierendenwohnen, 1. Preis - Rozynski Sturm Architekten\",\"isPartOf\":{\"@id\":\"https:\\\/\\\/testsystem.meisel-webdesign.de\\\/rs\\\/#website\"},\"primaryImageOfPage\":{\"@id\":\"https:\\\/\\\/testsystem.meisel-webdesign.de\\\/rs\\\/projekt\\\/modulares-studierendenwohnen-aus-holz\\\/#primaryimage\"},\"image\":{\"@id\":\"https:\\\/\\\/testsystem.meisel-webdesign.de\\\/rs\\\/projekt\\\/modulares-studierendenwohnen-aus-holz\\\/#primaryimage\"},\"thumbnailUrl\":\"https:\\\/\\\/testsystem.meisel-webdesign.de\\\/rs\\\/wp-content\\\/uploads\\\/2026\\\/02\\\/CKRS-Alfred-Kowalke-Strasse-Perspektive-Garten.jpg\",\"datePublished\":\"2026-02-26T11:33:37+00:00\",\"dateModified\":\"2026-03-27T10:18:01+00:00\",\"description\":\"Das Wohnprojekt f\u00fcr Studierende folgt dem Konzept der Optimierung durch Reduktion. Gestapelte Holzmodule bieten eine nachhaltige und flexible L\u00f6sung.\",\"breadcrumb\":{\"@id\":\"https:\\\/\\\/testsystem.meisel-webdesign.de\\\/rs\\\/projekt\\\/modulares-studierendenwohnen-aus-holz\\\/#breadcrumb\"},\"inLanguage\":\"de\",\"potentialAction\":[{\"@type\":\"ReadAction\",\"target\":[\"https:\\\/\\\/testsystem.meisel-webdesign.de\\\/rs\\\/projekt\\\/modulares-studierendenwohnen-aus-holz\\\/\"]}]},{\"@type\":\"ImageObject\",\"inLanguage\":\"de\",\"@id\":\"https:\\\/\\\/testsystem.meisel-webdesign.de\\\/rs\\\/projekt\\\/modulares-studierendenwohnen-aus-holz\\\/#primaryimage\",\"url\":\"https:\\\/\\\/testsystem.meisel-webdesign.de\\\/rs\\\/wp-content\\\/uploads\\\/2026\\\/02\\\/CKRS-Alfred-Kowalke-Strasse-Perspektive-Garten.jpg\",\"contentUrl\":\"https:\\\/\\\/testsystem.meisel-webdesign.de\\\/rs\\\/wp-content\\\/uploads\\\/2026\\\/02\\\/CKRS-Alfred-Kowalke-Strasse-Perspektive-Garten.jpg\",\"width\":2400,\"height\":1701},{\"@type\":\"BreadcrumbList\",\"@id\":\"https:\\\/\\\/testsystem.meisel-webdesign.de\\\/rs\\\/projekt\\\/modulares-studierendenwohnen-aus-holz\\\/#breadcrumb\",\"itemListElement\":[{\"@type\":\"ListItem\",\"position\":1,\"name\":\"Start\",\"item\":\"https:\\\/\\\/testsystem.meisel-webdesign.de\\\/rs\\\/\"},{\"@type\":\"ListItem\",\"position\":2,\"name\":\"Modulares Studierendenwohnen, 1. Preis\"}]},{\"@type\":\"WebSite\",\"@id\":\"https:\\\/\\\/testsystem.meisel-webdesign.de\\\/rs\\\/#website\",\"url\":\"https:\\\/\\\/testsystem.meisel-webdesign.de\\\/rs\\\/\",\"name\":\"Rozynski Sturm Architekten\",\"description\":\"\",\"potentialAction\":[{\"@type\":\"SearchAction\",\"target\":{\"@type\":\"EntryPoint\",\"urlTemplate\":\"https:\\\/\\\/testsystem.meisel-webdesign.de\\\/rs\\\/?s={search_term_string}\"},\"query-input\":{\"@type\":\"PropertyValueSpecification\",\"valueRequired\":true,\"valueName\":\"search_term_string\"}}],\"inLanguage\":\"de\"}]}<\/script>\n<!-- \/ Yoast SEO plugin. -->","yoast_head_json":{"title":"Modulares Studierendenwohnen, 1. Preis - Rozynski Sturm Architekten","description":"Das Wohnprojekt f\u00fcr Studierende folgt dem Konzept der Optimierung durch Reduktion. Gestapelte Holzmodule bieten eine nachhaltige und flexible L\u00f6sung.","robots":{"index":"index","follow":"follow","max-snippet":"max-snippet:-1","max-image-preview":"max-image-preview:large","max-video-preview":"max-video-preview:-1"},"canonical":"https:\/\/testsystem.meisel-webdesign.de\/rs\/projekt\/modulares-studierendenwohnen-aus-holz\/","og_locale":"de_DE","og_type":"article","og_title":"Modulares Studierendenwohnen, 1. Preis - Rozynski Sturm Architekten","og_description":"Das Wohnprojekt f\u00fcr Studierende folgt dem Konzept der Optimierung durch Reduktion. Gestapelte Holzmodule bieten eine nachhaltige und flexible L\u00f6sung.","og_url":"https:\/\/testsystem.meisel-webdesign.de\/rs\/projekt\/modulares-studierendenwohnen-aus-holz\/","og_site_name":"Rozynski Sturm Architekten","article_modified_time":"2026-03-27T10:18:01+00:00","og_image":[{"width":1024,"height":726,"url":"https:\/\/testsystem.meisel-webdesign.de\/rs\/wp-content\/uploads\/2026\/02\/CKRS-Alfred-Kowalke-Strasse-Perspektive-Garten-1024x726.jpg","type":"image\/jpeg"}],"twitter_card":"summary_large_image","twitter_misc":{"Gesch\u00e4tzte Lesezeit":"2\u00a0Minuten"},"schema":{"@context":"https:\/\/schema.org","@graph":[{"@type":"WebPage","@id":"https:\/\/testsystem.meisel-webdesign.de\/rs\/projekt\/modulares-studierendenwohnen-aus-holz\/","url":"https:\/\/testsystem.meisel-webdesign.de\/rs\/projekt\/modulares-studierendenwohnen-aus-holz\/","name":"Modulares Studierendenwohnen, 1. Preis - Rozynski Sturm Architekten","isPartOf":{"@id":"https:\/\/testsystem.meisel-webdesign.de\/rs\/#website"},"primaryImageOfPage":{"@id":"https:\/\/testsystem.meisel-webdesign.de\/rs\/projekt\/modulares-studierendenwohnen-aus-holz\/#primaryimage"},"image":{"@id":"https:\/\/testsystem.meisel-webdesign.de\/rs\/projekt\/modulares-studierendenwohnen-aus-holz\/#primaryimage"},"thumbnailUrl":"https:\/\/testsystem.meisel-webdesign.de\/rs\/wp-content\/uploads\/2026\/02\/CKRS-Alfred-Kowalke-Strasse-Perspektive-Garten.jpg","datePublished":"2026-02-26T11:33:37+00:00","dateModified":"2026-03-27T10:18:01+00:00","description":"Das Wohnprojekt f\u00fcr Studierende folgt dem Konzept der Optimierung durch Reduktion. Gestapelte Holzmodule bieten eine nachhaltige und flexible L\u00f6sung.","breadcrumb":{"@id":"https:\/\/testsystem.meisel-webdesign.de\/rs\/projekt\/modulares-studierendenwohnen-aus-holz\/#breadcrumb"},"inLanguage":"de","potentialAction":[{"@type":"ReadAction","target":["https:\/\/testsystem.meisel-webdesign.de\/rs\/projekt\/modulares-studierendenwohnen-aus-holz\/"]}]},{"@type":"ImageObject","inLanguage":"de","@id":"https:\/\/testsystem.meisel-webdesign.de\/rs\/projekt\/modulares-studierendenwohnen-aus-holz\/#primaryimage","url":"https:\/\/testsystem.meisel-webdesign.de\/rs\/wp-content\/uploads\/2026\/02\/CKRS-Alfred-Kowalke-Strasse-Perspektive-Garten.jpg","contentUrl":"https:\/\/testsystem.meisel-webdesign.de\/rs\/wp-content\/uploads\/2026\/02\/CKRS-Alfred-Kowalke-Strasse-Perspektive-Garten.jpg","width":2400,"height":1701},{"@type":"BreadcrumbList","@id":"https:\/\/testsystem.meisel-webdesign.de\/rs\/projekt\/modulares-studierendenwohnen-aus-holz\/#breadcrumb","itemListElement":[{"@type":"ListItem","position":1,"name":"Start","item":"https:\/\/testsystem.meisel-webdesign.de\/rs\/"},{"@type":"ListItem","position":2,"name":"Modulares Studierendenwohnen, 1. Preis"}]},{"@type":"WebSite","@id":"https:\/\/testsystem.meisel-webdesign.de\/rs\/#website","url":"https:\/\/testsystem.meisel-webdesign.de\/rs\/","name":"Rozynski Sturm Architekten","description":"","potentialAction":[{"@type":"SearchAction","target":{"@type":"EntryPoint","urlTemplate":"https:\/\/testsystem.meisel-webdesign.de\/rs\/?s={search_term_string}"},"query-input":{"@type":"PropertyValueSpecification","valueRequired":true,"valueName":"search_term_string"}}],"inLanguage":"de"}]}},"_links":{"self":[{"href":"https:\/\/testsystem.meisel-webdesign.de\/rs\/wp-json\/wp\/v2\/projekt\/675","targetHints":{"allow":["GET"]}}],"collection":[{"href":"https:\/\/testsystem.meisel-webdesign.de\/rs\/wp-json\/wp\/v2\/projekt"}],"about":[{"href":"https:\/\/testsystem.meisel-webdesign.de\/rs\/wp-json\/wp\/v2\/types\/projekt"}],"wp:featuredmedia":[{"embeddable":true,"href":"https:\/\/testsystem.meisel-webdesign.de\/rs\/wp-json\/wp\/v2\/media\/686"}],"wp:attachment":[{"href":"https:\/\/testsystem.meisel-webdesign.de\/rs\/wp-json\/wp\/v2\/media?parent=675"}],"wp:term":[{"taxonomy":"projekttyp","embeddable":true,"href":"https:\/\/testsystem.meisel-webdesign.de\/rs\/wp-json\/wp\/v2\/projekttyp?post=675"}],"curies":[{"name":"wp","href":"https:\/\/api.w.org\/{rel}","templated":true}]}}