{"id":570,"date":"2026-02-25T17:54:50","date_gmt":"2026-02-25T16:54:50","guid":{"rendered":"https:\/\/testsystem.meisel-webdesign.de\/rs\/?post_type=projekt&#038;p=570"},"modified":"2026-03-27T11:08:59","modified_gmt":"2026-03-27T10:08:59","slug":"haus-der-statistik","status":"publish","type":"projekt","link":"https:\/\/testsystem.meisel-webdesign.de\/rs\/projekt\/haus-der-statistik\/","title":{"rendered":"Haus der Statistik"},"content":{"rendered":"<ul>\n<li>Bauweise: Holzhybrid<\/li>\n<li>BGF: 9.750 m\u00b2 (inkl. 1.250 m\u00b2 Gewerbefl\u00e4che)<\/li>\n<li>Auftraggeberin: WBM Wohnungsbaugesellschaft Berlin-Mitte mbH<\/li>\n<li><a href=\"#jump\">vollst\u00e4ndiger Steckbrief<\/a><\/li>\n<\/ul>\n<div class=\"fws-gallery-slider\"><div id=\"fwsCarousel-0a8df795-f6f5-416c-84ce-a142a68e89ae\" class=\"carousel carousel-dark slide\" data-bs-ride=\"false\" data-bs-interval=\"false\" data-bs-touch=\"true\"><div class=\"carousel-inner\"><div class=\"carousel-item active\"><div class=\"fws-slider-frame\"><img class=\"is-landscape img-fluid fws-slider-img\" decoding=\"async\" src=\"https:\/\/testsystem.meisel-webdesign.de\/rs\/wp-content\/uploads\/2026\/02\/web_02_CKRS_Haus-der-Statistik_10-Lageplan-1400x787-1-1024x697.jpg\" data-type=\"wpmfgalleryimg\" data-attachment-id=\"580\" data-wpmf-size=\"large\" alt=\"Web 02 CKRS Haus Der Statistik 10 Lageplan 1400x787\"><\/div><\/div><div class=\"carousel-item\"><div class=\"fws-slider-frame\"><img class=\"is-landscape img-fluid fws-slider-img\" decoding=\"async\" src=\"https:\/\/testsystem.meisel-webdesign.de\/rs\/wp-content\/uploads\/2026\/02\/07-Grundriss-EG-1024x724.jpg\" data-type=\"wpmfgalleryimg\" data-attachment-id=\"576\" data-wpmf-size=\"large\" alt=\"07 Grundriss EG\"><\/div><\/div><div class=\"carousel-item\"><div class=\"fws-slider-frame\"><img class=\"is-landscape img-fluid fws-slider-img\" decoding=\"async\" src=\"https:\/\/testsystem.meisel-webdesign.de\/rs\/wp-content\/uploads\/2026\/02\/05-Grundriss-1-1024x707.jpg\" data-type=\"wpmfgalleryimg\" data-attachment-id=\"574\" data-wpmf-size=\"large\" alt=\"05 Grundriss 1.OG\"><\/div><\/div><div class=\"carousel-item\"><div class=\"fws-slider-frame\"><img class=\"is-landscape img-fluid fws-slider-img\" decoding=\"async\" src=\"https:\/\/testsystem.meisel-webdesign.de\/rs\/wp-content\/uploads\/2026\/02\/04-Grundriss-2-1024x707.jpg\" data-type=\"wpmfgalleryimg\" data-attachment-id=\"572\" data-wpmf-size=\"large\" alt=\"04 Grundriss 2.OG\"><\/div><\/div><div class=\"carousel-item\"><div class=\"fws-slider-frame\"><img class=\"is-landscape img-fluid fws-slider-img\" decoding=\"async\" src=\"https:\/\/testsystem.meisel-webdesign.de\/rs\/wp-content\/uploads\/2026\/02\/05-Grundriss-1_3-1024x734.jpg\" data-type=\"wpmfgalleryimg\" data-attachment-id=\"575\" data-wpmf-size=\"large\" alt=\"05 Grundriss 1 3\"><\/div><\/div><div class=\"carousel-item\"><div class=\"fws-slider-frame\"><img class=\"is-landscape img-fluid fws-slider-img\" decoding=\"async\" src=\"https:\/\/testsystem.meisel-webdesign.de\/rs\/wp-content\/uploads\/2026\/02\/04-Grundriss-2_4-1024x734.jpg\" data-type=\"wpmfgalleryimg\" data-attachment-id=\"573\" data-wpmf-size=\"large\" alt=\"04 Grundriss 2 4\"><\/div><\/div><div class=\"carousel-item\"><div class=\"fws-slider-frame\"><img class=\"is-landscape img-fluid fws-slider-img\" decoding=\"async\" src=\"https:\/\/testsystem.meisel-webdesign.de\/rs\/wp-content\/uploads\/2026\/02\/Fassade_gross_1-512x1024.jpg\" data-type=\"wpmfgalleryimg\" data-attachment-id=\"577\" data-wpmf-size=\"large\" alt=\"Fassade Gro\u00df 1\"><\/div><\/div><div class=\"carousel-item\"><div class=\"fws-slider-frame\"><img class=\"is-landscape img-fluid fws-slider-img\" decoding=\"async\" src=\"https:\/\/testsystem.meisel-webdesign.de\/rs\/wp-content\/uploads\/2026\/02\/web_07_CKRS_Haus-der-Statistik_09-Ansicht-Berolinastrasse-1400x787-1-1024x576.jpg\" data-type=\"wpmfgalleryimg\" data-attachment-id=\"582\" data-wpmf-size=\"large\" alt=\"Web 07 CKRS Haus Der Statistik 09 Ansicht Berolinastrasse 1400x787\"><\/div><\/div><div class=\"carousel-item\"><div class=\"fws-slider-frame\"><img class=\"is-landscape img-fluid fws-slider-img\" decoding=\"async\" src=\"https:\/\/testsystem.meisel-webdesign.de\/rs\/wp-content\/uploads\/2026\/02\/web_06_CKRS_Haus-der-Statistik_08-Ansicht-Hof-1400x787-1-1024x576.jpg\" data-type=\"wpmfgalleryimg\" data-attachment-id=\"581\" data-wpmf-size=\"large\" alt=\"Web 06 CKRS Haus Der Statistik 08 Ansicht Hof 1400x787\"><\/div><\/div><div class=\"carousel-item\"><div class=\"fws-slider-frame\"><img class=\"is-landscape img-fluid fws-slider-img\" decoding=\"async\" src=\"https:\/\/testsystem.meisel-webdesign.de\/rs\/wp-content\/uploads\/2026\/02\/SchnittA-A_4-1024x1024.jpg\" data-type=\"wpmfgalleryimg\" data-attachment-id=\"579\" data-wpmf-size=\"large\" alt=\"SchnittA A 4\"><\/div><\/div><\/div><button class=\"carousel-control-prev\" type=\"button\" data-bs-target=\"#fwsCarousel-0a8df795-f6f5-416c-84ce-a142a68e89ae\" data-bs-slide=\"prev\"><span class=\"carousel-control-prev-icon\" aria-hidden=\"true\"><\/span><span class=\"visually-hidden\">Previous<\/span><\/button><button class=\"carousel-control-next\" type=\"button\" data-bs-target=\"#fwsCarousel-0a8df795-f6f5-416c-84ce-a142a68e89ae\" data-bs-slide=\"next\"><span class=\"carousel-control-next-icon\" aria-hidden=\"true\"><\/span><span class=\"visually-hidden\">Next<\/span><\/button><\/div><\/div>\n<h3>Ein haus mit vielen M\u00f6glichkeiten<\/h3>\n<p>CKRS Architekten haben an dem st\u00e4dtebaulichen Werkstattverfahren f\u00fcr den Neubau von 99 Wohnungen mit erdgeschossiger Gewerbenutzung auf Baufeld B teilgenommen. Leitidee des Entwurfs ist, mit einfachen Mitteln ein wirtschaftliches Haus zu bauen. Das Geb\u00e4ude erm\u00f6glicht eine variable Nutzung mit viel Raum f\u00fcr Initiativen und transportiert gleichzeitig einen dauerhaften, unverwechselbaren und architektonischen Ausdruck. Mit der Robustheit und industriellen Materialita\u0308t der gewellten Metallfassade wird eine Verbindung zur Geschichte des Ortes und der vorgefertigten, seriellen Nachbarbebauung in Berlin Mitte hergestellt. Der Kontext wird durch den Entwurf neu interpretiert und in eine zeitgema\u0308\u00dfe Bauweise u\u0308bersetzt.<\/p>\n<p>Das hybrid genutzte Wohnhaus besteht aus einem gewerblich genutzten Erdgeschoss und sechs dar\u00fcber liegenden Wohngeschossen. Im Erdgeschoss entstehen Fl\u00e4chen f\u00fcr einen Supermarkt, eine zum begr\u00fcnten Innenhof orientierte Kindertagesst\u00e4tte sowie Raumangebote f\u00fcr ein Caf\u00e9 und Ateliers.<\/p>\n<h3>Konstruktion und Erschlie\u00dfung<\/h3>\n<p>Ein effizientes und kostenschonendes Erschlie\u00dfungssystem strukturiert das Geb\u00e4ude. Mit nur zwei Treppenhauskernen werden alle Wohnungen erschlossen. Die Kerne werden auf den Geschossen jeweils abwechselnd durch einen Flur und eine Laubengangerschlie\u00dfung verbunden. Dadurch werden gr\u00f6\u00dftm\u00f6gliche Flexibilit\u00e4t und ein vielf\u00e4ltiger Wohnungsmix mit einem differenzierten Angebot an Wohnungen erm\u00f6glicht.<\/p>\n<p>Das Geb\u00e4ude ist in zeit- und kostenoptimierter Hybridbauweise mit seriellen Bauteilen geplant.<\/p>\n<div class=\"fws-gallery-slider\"><div id=\"fwsCarousel-096c9bb8-d470-480a-8a2e-db4262cc458b\" class=\"carousel carousel-dark slide\" data-bs-ride=\"false\" data-bs-interval=\"false\" data-bs-touch=\"true\"><div class=\"carousel-inner\"><div class=\"carousel-item active\"><div class=\"fws-slider-frame\"><img class=\"is-landscape img-fluid fws-slider-img\" decoding=\"async\" src=\"https:\/\/testsystem.meisel-webdesign.de\/rs\/wp-content\/uploads\/2026\/02\/PIKTO-2-1336x1400.jpeg-977x1024.jpg\" data-type=\"wpmfgalleryimg\" data-attachment-id=\"578\" data-wpmf-size=\"large\" alt=\"PIKTO 2 1336x1400.jpeg\"><\/div><\/div><div class=\"carousel-item\"><div class=\"fws-slider-frame\"><img class=\"is-landscape img-fluid fws-slider-img\" decoding=\"async\" src=\"https:\/\/testsystem.meisel-webdesign.de\/rs\/wp-content\/uploads\/2026\/02\/web_CKRS_Haus-der-Statistik_PIKTO-1_-1339x1400.jpeg-980x1024.jpg\" data-type=\"wpmfgalleryimg\" data-attachment-id=\"583\" data-wpmf-size=\"large\" alt=\"Web CKRS Haus Der Statistik PIKTO 1 1339x1400.jpeg\"><\/div><\/div><div class=\"carousel-item\"><div class=\"fws-slider-frame\"><img class=\"is-landscape img-fluid fws-slider-img\" decoding=\"async\" src=\"https:\/\/testsystem.meisel-webdesign.de\/rs\/wp-content\/uploads\/2026\/02\/web_CKRS_Haus-der-Statistik_PIKTO-3_-1232x1400.jpeg-901x1024.jpg\" data-type=\"wpmfgalleryimg\" data-attachment-id=\"584\" data-wpmf-size=\"large\" alt=\"Web CKRS Haus Der Statistik PIKTO 3 1232x1400.jpeg\"><\/div><\/div><\/div><button class=\"carousel-control-prev\" type=\"button\" data-bs-target=\"#fwsCarousel-096c9bb8-d470-480a-8a2e-db4262cc458b\" data-bs-slide=\"prev\"><span class=\"carousel-control-prev-icon\" aria-hidden=\"true\"><\/span><span class=\"visually-hidden\">Previous<\/span><\/button><button class=\"carousel-control-next\" type=\"button\" data-bs-target=\"#fwsCarousel-096c9bb8-d470-480a-8a2e-db4262cc458b\" data-bs-slide=\"next\"><span class=\"carousel-control-next-icon\" aria-hidden=\"true\"><\/span><span class=\"visually-hidden\">Next<\/span><\/button><\/div><\/div>\n<p>\u00a0<\/p>\n<p>\u00a0<\/p>\n","protected":false},"featured_media":571,"template":"","meta":{"_acf_changed":false},"projekttyp":[21,12],"class_list":["post-570","projekt","type-projekt","status-publish","has-post-thumbnail","hentry","projekttyp-umbau","projekttyp-wohnungsbau"],"acf":[],"yoast_head":"<!-- This site is optimized with the Yoast SEO plugin v27.5 - https:\/\/yoast.com\/product\/yoast-seo-wordpress\/ -->\n<title>Haus der Statistik - Rozynski Sturm Architekten<\/title>\n<meta name=\"description\" content=\"Wohnungsneubau im Rahmen der kooperativen Quartiersentwicklung rund um das &quot;Haus der Statistik&quot; am Alexanderplatz Berlin.\" \/>\n<meta name=\"robots\" content=\"index, follow, max-snippet:-1, max-image-preview:large, max-video-preview:-1\" \/>\n<link rel=\"canonical\" href=\"https:\/\/testsystem.meisel-webdesign.de\/rs\/projekt\/haus-der-statistik\/\" \/>\n<meta property=\"og:locale\" content=\"de_DE\" \/>\n<meta property=\"og:type\" content=\"article\" \/>\n<meta property=\"og:title\" content=\"Haus der Statistik - Rozynski Sturm Architekten\" \/>\n<meta property=\"og:description\" content=\"Wohnungsneubau im Rahmen der kooperativen Quartiersentwicklung rund um das &quot;Haus der Statistik&quot; am Alexanderplatz Berlin.\" \/>\n<meta property=\"og:url\" content=\"https:\/\/testsystem.meisel-webdesign.de\/rs\/projekt\/haus-der-statistik\/\" \/>\n<meta property=\"og:site_name\" content=\"Rozynski Sturm Architekten\" \/>\n<meta property=\"article:modified_time\" content=\"2026-03-27T10:08:59+00:00\" \/>\n<meta property=\"og:image\" content=\"https:\/\/testsystem.meisel-webdesign.de\/rs\/wp-content\/uploads\/2026\/02\/001-Perspektive-scaled.jpg\" \/>\n\t<meta property=\"og:image:width\" content=\"2048\" \/>\n\t<meta property=\"og:image:height\" content=\"2560\" \/>\n\t<meta property=\"og:image:type\" content=\"image\/jpeg\" \/>\n<meta name=\"twitter:card\" content=\"summary_large_image\" \/>\n<meta name=\"twitter:label1\" content=\"Gesch\u00e4tzte Lesezeit\" \/>\n\t<meta name=\"twitter:data1\" content=\"2\u00a0Minuten\" \/>\n<script type=\"application\/ld+json\" class=\"yoast-schema-graph\">{\"@context\":\"https:\\\/\\\/schema.org\",\"@graph\":[{\"@type\":\"WebPage\",\"@id\":\"https:\\\/\\\/testsystem.meisel-webdesign.de\\\/rs\\\/projekt\\\/haus-der-statistik\\\/\",\"url\":\"https:\\\/\\\/testsystem.meisel-webdesign.de\\\/rs\\\/projekt\\\/haus-der-statistik\\\/\",\"name\":\"Haus der Statistik - Rozynski Sturm Architekten\",\"isPartOf\":{\"@id\":\"https:\\\/\\\/testsystem.meisel-webdesign.de\\\/rs\\\/#website\"},\"primaryImageOfPage\":{\"@id\":\"https:\\\/\\\/testsystem.meisel-webdesign.de\\\/rs\\\/projekt\\\/haus-der-statistik\\\/#primaryimage\"},\"image\":{\"@id\":\"https:\\\/\\\/testsystem.meisel-webdesign.de\\\/rs\\\/projekt\\\/haus-der-statistik\\\/#primaryimage\"},\"thumbnailUrl\":\"https:\\\/\\\/testsystem.meisel-webdesign.de\\\/rs\\\/wp-content\\\/uploads\\\/2026\\\/02\\\/001-Perspektive-scaled.jpg\",\"datePublished\":\"2026-02-25T16:54:50+00:00\",\"dateModified\":\"2026-03-27T10:08:59+00:00\",\"description\":\"Wohnungsneubau im Rahmen der kooperativen Quartiersentwicklung rund um das \\\"Haus der Statistik\\\" am Alexanderplatz Berlin.\",\"breadcrumb\":{\"@id\":\"https:\\\/\\\/testsystem.meisel-webdesign.de\\\/rs\\\/projekt\\\/haus-der-statistik\\\/#breadcrumb\"},\"inLanguage\":\"de\",\"potentialAction\":[{\"@type\":\"ReadAction\",\"target\":[\"https:\\\/\\\/testsystem.meisel-webdesign.de\\\/rs\\\/projekt\\\/haus-der-statistik\\\/\"]}]},{\"@type\":\"ImageObject\",\"inLanguage\":\"de\",\"@id\":\"https:\\\/\\\/testsystem.meisel-webdesign.de\\\/rs\\\/projekt\\\/haus-der-statistik\\\/#primaryimage\",\"url\":\"https:\\\/\\\/testsystem.meisel-webdesign.de\\\/rs\\\/wp-content\\\/uploads\\\/2026\\\/02\\\/001-Perspektive-scaled.jpg\",\"contentUrl\":\"https:\\\/\\\/testsystem.meisel-webdesign.de\\\/rs\\\/wp-content\\\/uploads\\\/2026\\\/02\\\/001-Perspektive-scaled.jpg\",\"width\":2048,\"height\":2560},{\"@type\":\"BreadcrumbList\",\"@id\":\"https:\\\/\\\/testsystem.meisel-webdesign.de\\\/rs\\\/projekt\\\/haus-der-statistik\\\/#breadcrumb\",\"itemListElement\":[{\"@type\":\"ListItem\",\"position\":1,\"name\":\"Start\",\"item\":\"https:\\\/\\\/testsystem.meisel-webdesign.de\\\/rs\\\/\"},{\"@type\":\"ListItem\",\"position\":2,\"name\":\"Haus der Statistik\"}]},{\"@type\":\"WebSite\",\"@id\":\"https:\\\/\\\/testsystem.meisel-webdesign.de\\\/rs\\\/#website\",\"url\":\"https:\\\/\\\/testsystem.meisel-webdesign.de\\\/rs\\\/\",\"name\":\"Rozynski Sturm Architekten\",\"description\":\"\",\"potentialAction\":[{\"@type\":\"SearchAction\",\"target\":{\"@type\":\"EntryPoint\",\"urlTemplate\":\"https:\\\/\\\/testsystem.meisel-webdesign.de\\\/rs\\\/?s={search_term_string}\"},\"query-input\":{\"@type\":\"PropertyValueSpecification\",\"valueRequired\":true,\"valueName\":\"search_term_string\"}}],\"inLanguage\":\"de\"}]}<\/script>\n<!-- \/ Yoast SEO plugin. -->","yoast_head_json":{"title":"Haus der Statistik - Rozynski Sturm Architekten","description":"Wohnungsneubau im Rahmen der kooperativen Quartiersentwicklung rund um das \"Haus der Statistik\" am Alexanderplatz Berlin.","robots":{"index":"index","follow":"follow","max-snippet":"max-snippet:-1","max-image-preview":"max-image-preview:large","max-video-preview":"max-video-preview:-1"},"canonical":"https:\/\/testsystem.meisel-webdesign.de\/rs\/projekt\/haus-der-statistik\/","og_locale":"de_DE","og_type":"article","og_title":"Haus der Statistik - Rozynski Sturm Architekten","og_description":"Wohnungsneubau im Rahmen der kooperativen Quartiersentwicklung rund um das \"Haus der Statistik\" am Alexanderplatz Berlin.","og_url":"https:\/\/testsystem.meisel-webdesign.de\/rs\/projekt\/haus-der-statistik\/","og_site_name":"Rozynski Sturm Architekten","article_modified_time":"2026-03-27T10:08:59+00:00","og_image":[{"width":2048,"height":2560,"url":"https:\/\/testsystem.meisel-webdesign.de\/rs\/wp-content\/uploads\/2026\/02\/001-Perspektive-scaled.jpg","type":"image\/jpeg"}],"twitter_card":"summary_large_image","twitter_misc":{"Gesch\u00e4tzte Lesezeit":"2\u00a0Minuten"},"schema":{"@context":"https:\/\/schema.org","@graph":[{"@type":"WebPage","@id":"https:\/\/testsystem.meisel-webdesign.de\/rs\/projekt\/haus-der-statistik\/","url":"https:\/\/testsystem.meisel-webdesign.de\/rs\/projekt\/haus-der-statistik\/","name":"Haus der Statistik - Rozynski Sturm Architekten","isPartOf":{"@id":"https:\/\/testsystem.meisel-webdesign.de\/rs\/#website"},"primaryImageOfPage":{"@id":"https:\/\/testsystem.meisel-webdesign.de\/rs\/projekt\/haus-der-statistik\/#primaryimage"},"image":{"@id":"https:\/\/testsystem.meisel-webdesign.de\/rs\/projekt\/haus-der-statistik\/#primaryimage"},"thumbnailUrl":"https:\/\/testsystem.meisel-webdesign.de\/rs\/wp-content\/uploads\/2026\/02\/001-Perspektive-scaled.jpg","datePublished":"2026-02-25T16:54:50+00:00","dateModified":"2026-03-27T10:08:59+00:00","description":"Wohnungsneubau im Rahmen der kooperativen Quartiersentwicklung rund um das \"Haus der Statistik\" am Alexanderplatz Berlin.","breadcrumb":{"@id":"https:\/\/testsystem.meisel-webdesign.de\/rs\/projekt\/haus-der-statistik\/#breadcrumb"},"inLanguage":"de","potentialAction":[{"@type":"ReadAction","target":["https:\/\/testsystem.meisel-webdesign.de\/rs\/projekt\/haus-der-statistik\/"]}]},{"@type":"ImageObject","inLanguage":"de","@id":"https:\/\/testsystem.meisel-webdesign.de\/rs\/projekt\/haus-der-statistik\/#primaryimage","url":"https:\/\/testsystem.meisel-webdesign.de\/rs\/wp-content\/uploads\/2026\/02\/001-Perspektive-scaled.jpg","contentUrl":"https:\/\/testsystem.meisel-webdesign.de\/rs\/wp-content\/uploads\/2026\/02\/001-Perspektive-scaled.jpg","width":2048,"height":2560},{"@type":"BreadcrumbList","@id":"https:\/\/testsystem.meisel-webdesign.de\/rs\/projekt\/haus-der-statistik\/#breadcrumb","itemListElement":[{"@type":"ListItem","position":1,"name":"Start","item":"https:\/\/testsystem.meisel-webdesign.de\/rs\/"},{"@type":"ListItem","position":2,"name":"Haus der Statistik"}]},{"@type":"WebSite","@id":"https:\/\/testsystem.meisel-webdesign.de\/rs\/#website","url":"https:\/\/testsystem.meisel-webdesign.de\/rs\/","name":"Rozynski Sturm Architekten","description":"","potentialAction":[{"@type":"SearchAction","target":{"@type":"EntryPoint","urlTemplate":"https:\/\/testsystem.meisel-webdesign.de\/rs\/?s={search_term_string}"},"query-input":{"@type":"PropertyValueSpecification","valueRequired":true,"valueName":"search_term_string"}}],"inLanguage":"de"}]}},"_links":{"self":[{"href":"https:\/\/testsystem.meisel-webdesign.de\/rs\/wp-json\/wp\/v2\/projekt\/570","targetHints":{"allow":["GET"]}}],"collection":[{"href":"https:\/\/testsystem.meisel-webdesign.de\/rs\/wp-json\/wp\/v2\/projekt"}],"about":[{"href":"https:\/\/testsystem.meisel-webdesign.de\/rs\/wp-json\/wp\/v2\/types\/projekt"}],"wp:featuredmedia":[{"embeddable":true,"href":"https:\/\/testsystem.meisel-webdesign.de\/rs\/wp-json\/wp\/v2\/media\/571"}],"wp:attachment":[{"href":"https:\/\/testsystem.meisel-webdesign.de\/rs\/wp-json\/wp\/v2\/media?parent=570"}],"wp:term":[{"taxonomy":"projekttyp","embeddable":true,"href":"https:\/\/testsystem.meisel-webdesign.de\/rs\/wp-json\/wp\/v2\/projekttyp?post=570"}],"curies":[{"name":"wp","href":"https:\/\/api.w.org\/{rel}","templated":true}]}}