{"id":166,"date":"2026-02-24T11:39:13","date_gmt":"2026-02-24T10:39:13","guid":{"rendered":"https:\/\/testsystem.meisel-webdesign.de\/rs\/?post_type=projekt&#038;p=166"},"modified":"2026-03-27T15:41:03","modified_gmt":"2026-03-27T14:41:03","slug":"mensa-der-annedore-leber_grundschule","status":"publish","type":"projekt","link":"https:\/\/testsystem.meisel-webdesign.de\/rs\/projekt\/mensa-der-annedore-leber_grundschule\/","title":{"rendered":"Mensa der Annedore-Leber-Grundschule"},"content":{"rendered":"<ul>\n<li>Holzbauweise<\/li>\n<li>BGF: 1.240 m\u00b2<\/li>\n<li>Auftraggeber: BA Tempelhof-Sch\u00f6neberg<\/li>\n<li><a href=\"#jump\">vollst\u00e4ndiger Steckbrief<\/a><\/li>\n<\/ul>\n<p><img loading=\"lazy\" decoding=\"async\" class=\"img-fluid wp-image-170 size-large aligncenter is-landscape\" src=\"https:\/\/testsystem.meisel-webdesign.de\/rs\/wp-content\/uploads\/2026\/02\/02_web_RS_Anne-Dore-Leber-Grundschule-1024x671.jpg\" alt=\"\"   srcset=\"https:\/\/testsystem.meisel-webdesign.de\/rs\/wp-content\/uploads\/2026\/02\/02_web_RS_Anne-Dore-Leber-Grundschule-1024x671.jpg 1024w, https:\/\/testsystem.meisel-webdesign.de\/rs\/wp-content\/uploads\/2026\/02\/02_web_RS_Anne-Dore-Leber-Grundschule-300x197.jpg 300w, https:\/\/testsystem.meisel-webdesign.de\/rs\/wp-content\/uploads\/2026\/02\/02_web_RS_Anne-Dore-Leber-Grundschule-768x503.jpg 768w, https:\/\/testsystem.meisel-webdesign.de\/rs\/wp-content\/uploads\/2026\/02\/02_web_RS_Anne-Dore-Leber-Grundschule-1536x1006.jpg 1536w, https:\/\/testsystem.meisel-webdesign.de\/rs\/wp-content\/uploads\/2026\/02\/02_web_RS_Anne-Dore-Leber-Grundschule-2048x1341.jpg 2048w\" sizes=\"auto, (max-width: 1024px) 100vw, 1024px\" \/><\/p>\n<h3>Geb\u00e4udestruktur<\/h3>\n<p>Das Projekt besteht aus zwei Bauk\u00f6rpern. Aufgrund der komplexen funktionalen und stadtr\u00e4umlichen Rahmenbedingungen wurden Mensa und Gruppenhaus auf zwei Standorte verteilt. Dieser Entwurf tr\u00e4gt der st\u00e4dtebaulich gewachsenen kleinteiligen Struktur Rechnung und optimiert die internen Funktionsabl\u00e4ufe f\u00fcr den Ganztagesbetrieb. Die 1-geschossige Mensa liegt im s\u00fcdlichen Teil des Grundst\u00fccks neben der zentralen Eingangshalle an der Halkerzeile, das 2-geschossige Gruppenhaus im n\u00f6rdlichen Bereich an der Grimmstra\u00dfe. Die Besetzung beider Baupl\u00e4tze mit Neubauten wirkt positiv auf die Adressbildung der Schule und erg\u00e4nzt die st\u00e4dtebaulich offene Struktur behutsam mit dem eingeschossigen Bauk\u00f6rper f\u00fcr die Mensa und der zweigeschossigen Anlage f\u00fcr die Gruppenr\u00e4ume.\u2028 Die Lage der Mensa st\u00e4rkt den Haupteingang der Schule. Sie orientiert sich nach S\u00fcden zu einem bislang von den Sch\u00fclerinnen und Sch\u00fclern ungenutzten, baumbestandenen Hof. Das Gruppenhaus bildet stadtr\u00e4umlich einen R\u00fccken f\u00fcr den Schulhof und wertet somit den Charakter der Freifl\u00e4che auf.<\/p>\n<p>Die Mensa kann direkt \u00fcber ein Br\u00fcckengeb\u00e4ude vom Foyer des Bestandsgeb\u00e4udes aus erschlossen werden oder separat von der Stra\u00dfe \u00fcber die vorgelagerte Holzterrasse. Sie bietet Platz f\u00fcr 200 Personen und enth\u00e4lt eine Verteilerk\u00fcche.<\/p>\n<h3>Konstruktion &amp; \u00d6kologie<\/h3>\n<p>Beide Geb\u00e4ude sind in Holztafelbauweise errichtet. Die Wand-, Decken- und Dachelemente wurden vorgefertigt auf die Baustelle geliefert und vor Ort nach Einbau der Haustechnik einseitig geschlossen.\u2028 Das Tragwerk der Mensa wurde im Bereich des Speisesaals wegen der gro\u00dfen Spannweite aus Stahl gew\u00e4hlt, um die Raumh\u00f6he zu optimieren.<\/p>\n<p>Innovative Holzbauweise und die Verwendung nachhaltiger nat\u00fcrlicher Materialien erzeugen zusammen mit lichtdurchfluteten, gutproportionierten R\u00e4umen eine gestalterisch hohe Qualit\u00e4t, die mit einer Imagest\u00e4rkung der Schule einhergeht und sich erzieherisch motivierend auf die Sch\u00fclerinnen und Sch\u00fcler auswirkt.<\/p>\n<p><img loading=\"lazy\" decoding=\"async\" class=\"size-large wp-image-176 img-fluid aligncenter is-landscape\" src=\"https:\/\/testsystem.meisel-webdesign.de\/rs\/wp-content\/uploads\/2026\/02\/07_web_RS_Anne-Dore-Leber-Grundschule_10-1024x671.jpg\" alt=\"\"   srcset=\"https:\/\/testsystem.meisel-webdesign.de\/rs\/wp-content\/uploads\/2026\/02\/07_web_RS_Anne-Dore-Leber-Grundschule_10-1024x671.jpg 1024w, https:\/\/testsystem.meisel-webdesign.de\/rs\/wp-content\/uploads\/2026\/02\/07_web_RS_Anne-Dore-Leber-Grundschule_10-300x197.jpg 300w, https:\/\/testsystem.meisel-webdesign.de\/rs\/wp-content\/uploads\/2026\/02\/07_web_RS_Anne-Dore-Leber-Grundschule_10-768x503.jpg 768w, https:\/\/testsystem.meisel-webdesign.de\/rs\/wp-content\/uploads\/2026\/02\/07_web_RS_Anne-Dore-Leber-Grundschule_10-1536x1006.jpg 1536w, https:\/\/testsystem.meisel-webdesign.de\/rs\/wp-content\/uploads\/2026\/02\/07_web_RS_Anne-Dore-Leber-Grundschule_10-2048x1341.jpg 2048w\" sizes=\"auto, (max-width: 1024px) 100vw, 1024px\" \/><\/p>\n<p><img loading=\"lazy\" decoding=\"async\" class=\"size-large wp-image-173 img-fluid aligncenter is-portrait\" src=\"https:\/\/testsystem.meisel-webdesign.de\/rs\/wp-content\/uploads\/2026\/02\/05_web_RS_Annedore-Leber_Grundschule_Tunnel-691x1024.jpg\" alt=\"\"   srcset=\"https:\/\/testsystem.meisel-webdesign.de\/rs\/wp-content\/uploads\/2026\/02\/05_web_RS_Annedore-Leber_Grundschule_Tunnel-691x1024.jpg 691w, https:\/\/testsystem.meisel-webdesign.de\/rs\/wp-content\/uploads\/2026\/02\/05_web_RS_Annedore-Leber_Grundschule_Tunnel-202x300.jpg 202w, https:\/\/testsystem.meisel-webdesign.de\/rs\/wp-content\/uploads\/2026\/02\/05_web_RS_Annedore-Leber_Grundschule_Tunnel-768x1139.jpg 768w, https:\/\/testsystem.meisel-webdesign.de\/rs\/wp-content\/uploads\/2026\/02\/05_web_RS_Annedore-Leber_Grundschule_Tunnel-1036x1536.jpg 1036w, https:\/\/testsystem.meisel-webdesign.de\/rs\/wp-content\/uploads\/2026\/02\/05_web_RS_Annedore-Leber_Grundschule_Tunnel-1381x2048.jpg 1381w, https:\/\/testsystem.meisel-webdesign.de\/rs\/wp-content\/uploads\/2026\/02\/05_web_RS_Annedore-Leber_Grundschule_Tunnel-scaled.jpg 1726w\" sizes=\"auto, (max-width: 691px) 100vw, 691px\" \/><\/p>\n<p><img loading=\"lazy\" decoding=\"async\" class=\"size-large wp-image-172 img-fluid aligncenter is-landscape\" src=\"https:\/\/testsystem.meisel-webdesign.de\/rs\/wp-content\/uploads\/2026\/02\/04_web_RS_Anne-Dore-Leber-Grundschule_-Garten-1024x507.jpg\" alt=\"\"   srcset=\"https:\/\/testsystem.meisel-webdesign.de\/rs\/wp-content\/uploads\/2026\/02\/04_web_RS_Anne-Dore-Leber-Grundschule_-Garten-1024x507.jpg 1024w, https:\/\/testsystem.meisel-webdesign.de\/rs\/wp-content\/uploads\/2026\/02\/04_web_RS_Anne-Dore-Leber-Grundschule_-Garten-300x149.jpg 300w, https:\/\/testsystem.meisel-webdesign.de\/rs\/wp-content\/uploads\/2026\/02\/04_web_RS_Anne-Dore-Leber-Grundschule_-Garten-768x380.jpg 768w, https:\/\/testsystem.meisel-webdesign.de\/rs\/wp-content\/uploads\/2026\/02\/04_web_RS_Anne-Dore-Leber-Grundschule_-Garten-1536x761.jpg 1536w, https:\/\/testsystem.meisel-webdesign.de\/rs\/wp-content\/uploads\/2026\/02\/04_web_RS_Anne-Dore-Leber-Grundschule_-Garten-2048x1015.jpg 2048w\" sizes=\"auto, (max-width: 1024px) 100vw, 1024px\" \/><\/p>\n<p><img loading=\"lazy\" decoding=\"async\" class=\"size-large wp-image-171 img-fluid aligncenter is-landscape\" src=\"https:\/\/testsystem.meisel-webdesign.de\/rs\/wp-content\/uploads\/2026\/02\/03_web_RS_Anne-Dore-Leber-Grundschule-1024x671.jpg\" alt=\"\"   srcset=\"https:\/\/testsystem.meisel-webdesign.de\/rs\/wp-content\/uploads\/2026\/02\/03_web_RS_Anne-Dore-Leber-Grundschule-1024x671.jpg 1024w, https:\/\/testsystem.meisel-webdesign.de\/rs\/wp-content\/uploads\/2026\/02\/03_web_RS_Anne-Dore-Leber-Grundschule-300x197.jpg 300w, https:\/\/testsystem.meisel-webdesign.de\/rs\/wp-content\/uploads\/2026\/02\/03_web_RS_Anne-Dore-Leber-Grundschule-768x503.jpg 768w, https:\/\/testsystem.meisel-webdesign.de\/rs\/wp-content\/uploads\/2026\/02\/03_web_RS_Anne-Dore-Leber-Grundschule-1536x1006.jpg 1536w, https:\/\/testsystem.meisel-webdesign.de\/rs\/wp-content\/uploads\/2026\/02\/03_web_RS_Anne-Dore-Leber-Grundschule-2048x1341.jpg 2048w\" sizes=\"auto, (max-width: 1024px) 100vw, 1024px\" \/><\/p>\n<p><img loading=\"lazy\" decoding=\"async\" class=\"size-large wp-image-179 img-fluid alignleft is-portrait\" src=\"https:\/\/testsystem.meisel-webdesign.de\/rs\/wp-content\/uploads\/2026\/02\/08_web_RS_Anne-Dore-Leber-Grundschule_Galerie-690x1024.jpg\" alt=\"\"   srcset=\"https:\/\/testsystem.meisel-webdesign.de\/rs\/wp-content\/uploads\/2026\/02\/08_web_RS_Anne-Dore-Leber-Grundschule_Galerie-690x1024.jpg 690w, https:\/\/testsystem.meisel-webdesign.de\/rs\/wp-content\/uploads\/2026\/02\/08_web_RS_Anne-Dore-Leber-Grundschule_Galerie-202x300.jpg 202w, https:\/\/testsystem.meisel-webdesign.de\/rs\/wp-content\/uploads\/2026\/02\/08_web_RS_Anne-Dore-Leber-Grundschule_Galerie-768x1139.jpg 768w, https:\/\/testsystem.meisel-webdesign.de\/rs\/wp-content\/uploads\/2026\/02\/08_web_RS_Anne-Dore-Leber-Grundschule_Galerie-1036x1536.jpg 1036w, https:\/\/testsystem.meisel-webdesign.de\/rs\/wp-content\/uploads\/2026\/02\/08_web_RS_Anne-Dore-Leber-Grundschule_Galerie-1381x2048.jpg 1381w, https:\/\/testsystem.meisel-webdesign.de\/rs\/wp-content\/uploads\/2026\/02\/08_web_RS_Anne-Dore-Leber-Grundschule_Galerie-scaled.jpg 1726w\" sizes=\"auto, (max-width: 690px) 100vw, 690px\" \/><\/p>\n<p><img loading=\"lazy\" decoding=\"async\" class=\"size-large wp-image-180 img-fluid alignright is-portrait\" src=\"https:\/\/testsystem.meisel-webdesign.de\/rs\/wp-content\/uploads\/2026\/02\/09_web_RS_Anne-Dore-Leber-Grundschule_Flur-684x1024.jpg\" alt=\"\"   srcset=\"https:\/\/testsystem.meisel-webdesign.de\/rs\/wp-content\/uploads\/2026\/02\/09_web_RS_Anne-Dore-Leber-Grundschule_Flur-684x1024.jpg 684w, https:\/\/testsystem.meisel-webdesign.de\/rs\/wp-content\/uploads\/2026\/02\/09_web_RS_Anne-Dore-Leber-Grundschule_Flur-200x300.jpg 200w, https:\/\/testsystem.meisel-webdesign.de\/rs\/wp-content\/uploads\/2026\/02\/09_web_RS_Anne-Dore-Leber-Grundschule_Flur-768x1150.jpg 768w, https:\/\/testsystem.meisel-webdesign.de\/rs\/wp-content\/uploads\/2026\/02\/09_web_RS_Anne-Dore-Leber-Grundschule_Flur-1026x1536.jpg 1026w, https:\/\/testsystem.meisel-webdesign.de\/rs\/wp-content\/uploads\/2026\/02\/09_web_RS_Anne-Dore-Leber-Grundschule_Flur-1368x2048.jpg 1368w, https:\/\/testsystem.meisel-webdesign.de\/rs\/wp-content\/uploads\/2026\/02\/09_web_RS_Anne-Dore-Leber-Grundschule_Flur-scaled.jpg 1710w\" sizes=\"auto, (max-width: 684px) 100vw, 684px\" \/><\/p>\n<p><img loading=\"lazy\" decoding=\"async\" class=\"size-large wp-image-182 img-fluid aligncenter is-landscape\" src=\"https:\/\/testsystem.meisel-webdesign.de\/rs\/wp-content\/uploads\/2026\/02\/10_web_RS_Anne-Dore-Leber-Grundschule_Mensa-06-mit-Kindern-1024x507.jpg\" alt=\"\"   srcset=\"https:\/\/testsystem.meisel-webdesign.de\/rs\/wp-content\/uploads\/2026\/02\/10_web_RS_Anne-Dore-Leber-Grundschule_Mensa-06-mit-Kindern-1024x507.jpg 1024w, https:\/\/testsystem.meisel-webdesign.de\/rs\/wp-content\/uploads\/2026\/02\/10_web_RS_Anne-Dore-Leber-Grundschule_Mensa-06-mit-Kindern-300x149.jpg 300w, https:\/\/testsystem.meisel-webdesign.de\/rs\/wp-content\/uploads\/2026\/02\/10_web_RS_Anne-Dore-Leber-Grundschule_Mensa-06-mit-Kindern-768x380.jpg 768w, https:\/\/testsystem.meisel-webdesign.de\/rs\/wp-content\/uploads\/2026\/02\/10_web_RS_Anne-Dore-Leber-Grundschule_Mensa-06-mit-Kindern-1536x760.jpg 1536w, https:\/\/testsystem.meisel-webdesign.de\/rs\/wp-content\/uploads\/2026\/02\/10_web_RS_Anne-Dore-Leber-Grundschule_Mensa-06-mit-Kindern-2048x1014.jpg 2048w\" sizes=\"auto, (max-width: 1024px) 100vw, 1024px\" \/><\/p>\n<p><img loading=\"lazy\" decoding=\"async\" class=\"size-large wp-image-183 img-fluid aligncenter is-landscape\" src=\"https:\/\/testsystem.meisel-webdesign.de\/rs\/wp-content\/uploads\/2026\/02\/12-1024x671.jpg\" alt=\"\"   srcset=\"https:\/\/testsystem.meisel-webdesign.de\/rs\/wp-content\/uploads\/2026\/02\/12-1024x671.jpg 1024w, https:\/\/testsystem.meisel-webdesign.de\/rs\/wp-content\/uploads\/2026\/02\/12-300x197.jpg 300w, https:\/\/testsystem.meisel-webdesign.de\/rs\/wp-content\/uploads\/2026\/02\/12-768x503.jpg 768w, https:\/\/testsystem.meisel-webdesign.de\/rs\/wp-content\/uploads\/2026\/02\/12-1536x1006.jpg 1536w, https:\/\/testsystem.meisel-webdesign.de\/rs\/wp-content\/uploads\/2026\/02\/12-2048x1341.jpg 2048w\" sizes=\"auto, (max-width: 1024px) 100vw, 1024px\" \/><\/p>\n","protected":false},"featured_media":910,"template":"","meta":{"_acf_changed":false},"projekttyp":[3,11],"class_list":["post-166","projekt","type-projekt","status-publish","has-post-thumbnail","hentry","projekttyp-holzbau","projekttyp-schulbau"],"acf":[],"yoast_head":"<!-- This site is optimized with the Yoast SEO plugin v27.5 - https:\/\/yoast.com\/product\/yoast-seo-wordpress\/ -->\n<title>Mensa der Annedore-Leber-Grundschule - Rozynski Sturm Architekten<\/title>\n<meta name=\"description\" content=\"Neubau eines Gruppenhaus und einer Mensa f\u00fcr eine Grundschule in Berlin. Vorfertigung in schneller und kosteng\u00fcnstiger Holztafelbauweise.\" \/>\n<meta name=\"robots\" content=\"index, follow, max-snippet:-1, max-image-preview:large, max-video-preview:-1\" \/>\n<link rel=\"canonical\" href=\"https:\/\/testsystem.meisel-webdesign.de\/rs\/projekt\/mensa-der-annedore-leber_grundschule\/\" \/>\n<meta property=\"og:locale\" content=\"de_DE\" \/>\n<meta property=\"og:type\" content=\"article\" \/>\n<meta property=\"og:title\" content=\"Mensa der Annedore-Leber-Grundschule - Rozynski Sturm Architekten\" \/>\n<meta property=\"og:description\" content=\"Neubau eines Gruppenhaus und einer Mensa f\u00fcr eine Grundschule in Berlin. Vorfertigung in schneller und kosteng\u00fcnstiger Holztafelbauweise.\" \/>\n<meta property=\"og:url\" content=\"https:\/\/testsystem.meisel-webdesign.de\/rs\/projekt\/mensa-der-annedore-leber_grundschule\/\" \/>\n<meta property=\"og:site_name\" content=\"Rozynski Sturm Architekten\" \/>\n<meta property=\"article:modified_time\" content=\"2026-03-27T14:41:03+00:00\" \/>\n<meta property=\"og:image\" content=\"https:\/\/testsystem.meisel-webdesign.de\/rs\/wp-content\/uploads\/2026\/02\/06_web_RS_Anne-Dore-Leber-Grundschule_Eiche-im-Steg-bearbeitet-heller-scaled.jpg\" \/>\n\t<meta property=\"og:image:width\" content=\"1726\" \/>\n\t<meta property=\"og:image:height\" content=\"2560\" \/>\n\t<meta property=\"og:image:type\" content=\"image\/jpeg\" \/>\n<meta name=\"twitter:card\" content=\"summary_large_image\" \/>\n<meta name=\"twitter:label1\" content=\"Gesch\u00e4tzte Lesezeit\" \/>\n\t<meta name=\"twitter:data1\" content=\"4\u00a0Minuten\" \/>\n<script type=\"application\/ld+json\" class=\"yoast-schema-graph\">{\"@context\":\"https:\\\/\\\/schema.org\",\"@graph\":[{\"@type\":\"WebPage\",\"@id\":\"https:\\\/\\\/testsystem.meisel-webdesign.de\\\/rs\\\/projekt\\\/mensa-der-annedore-leber_grundschule\\\/\",\"url\":\"https:\\\/\\\/testsystem.meisel-webdesign.de\\\/rs\\\/projekt\\\/mensa-der-annedore-leber_grundschule\\\/\",\"name\":\"Mensa der Annedore-Leber-Grundschule - Rozynski Sturm Architekten\",\"isPartOf\":{\"@id\":\"https:\\\/\\\/testsystem.meisel-webdesign.de\\\/rs\\\/#website\"},\"primaryImageOfPage\":{\"@id\":\"https:\\\/\\\/testsystem.meisel-webdesign.de\\\/rs\\\/projekt\\\/mensa-der-annedore-leber_grundschule\\\/#primaryimage\"},\"image\":{\"@id\":\"https:\\\/\\\/testsystem.meisel-webdesign.de\\\/rs\\\/projekt\\\/mensa-der-annedore-leber_grundschule\\\/#primaryimage\"},\"thumbnailUrl\":\"https:\\\/\\\/testsystem.meisel-webdesign.de\\\/rs\\\/wp-content\\\/uploads\\\/2026\\\/02\\\/06_web_RS_Anne-Dore-Leber-Grundschule_Eiche-im-Steg-bearbeitet-heller-scaled.jpg\",\"datePublished\":\"2026-02-24T10:39:13+00:00\",\"dateModified\":\"2026-03-27T14:41:03+00:00\",\"description\":\"Neubau eines Gruppenhaus und einer Mensa f\u00fcr eine Grundschule in Berlin. Vorfertigung in schneller und kosteng\u00fcnstiger Holztafelbauweise.\",\"breadcrumb\":{\"@id\":\"https:\\\/\\\/testsystem.meisel-webdesign.de\\\/rs\\\/projekt\\\/mensa-der-annedore-leber_grundschule\\\/#breadcrumb\"},\"inLanguage\":\"de\",\"potentialAction\":[{\"@type\":\"ReadAction\",\"target\":[\"https:\\\/\\\/testsystem.meisel-webdesign.de\\\/rs\\\/projekt\\\/mensa-der-annedore-leber_grundschule\\\/\"]}]},{\"@type\":\"ImageObject\",\"inLanguage\":\"de\",\"@id\":\"https:\\\/\\\/testsystem.meisel-webdesign.de\\\/rs\\\/projekt\\\/mensa-der-annedore-leber_grundschule\\\/#primaryimage\",\"url\":\"https:\\\/\\\/testsystem.meisel-webdesign.de\\\/rs\\\/wp-content\\\/uploads\\\/2026\\\/02\\\/06_web_RS_Anne-Dore-Leber-Grundschule_Eiche-im-Steg-bearbeitet-heller-scaled.jpg\",\"contentUrl\":\"https:\\\/\\\/testsystem.meisel-webdesign.de\\\/rs\\\/wp-content\\\/uploads\\\/2026\\\/02\\\/06_web_RS_Anne-Dore-Leber-Grundschule_Eiche-im-Steg-bearbeitet-heller-scaled.jpg\",\"width\":1726,\"height\":2560,\"caption\":\"WH529-6\"},{\"@type\":\"BreadcrumbList\",\"@id\":\"https:\\\/\\\/testsystem.meisel-webdesign.de\\\/rs\\\/projekt\\\/mensa-der-annedore-leber_grundschule\\\/#breadcrumb\",\"itemListElement\":[{\"@type\":\"ListItem\",\"position\":1,\"name\":\"Start\",\"item\":\"https:\\\/\\\/testsystem.meisel-webdesign.de\\\/rs\\\/\"},{\"@type\":\"ListItem\",\"position\":2,\"name\":\"Mensa der Annedore-Leber-Grundschule\"}]},{\"@type\":\"WebSite\",\"@id\":\"https:\\\/\\\/testsystem.meisel-webdesign.de\\\/rs\\\/#website\",\"url\":\"https:\\\/\\\/testsystem.meisel-webdesign.de\\\/rs\\\/\",\"name\":\"Rozynski Sturm Architekten\",\"description\":\"\",\"potentialAction\":[{\"@type\":\"SearchAction\",\"target\":{\"@type\":\"EntryPoint\",\"urlTemplate\":\"https:\\\/\\\/testsystem.meisel-webdesign.de\\\/rs\\\/?s={search_term_string}\"},\"query-input\":{\"@type\":\"PropertyValueSpecification\",\"valueRequired\":true,\"valueName\":\"search_term_string\"}}],\"inLanguage\":\"de\"}]}<\/script>\n<!-- \/ Yoast SEO plugin. -->","yoast_head_json":{"title":"Mensa der Annedore-Leber-Grundschule - Rozynski Sturm Architekten","description":"Neubau eines Gruppenhaus und einer Mensa f\u00fcr eine Grundschule in Berlin. Vorfertigung in schneller und kosteng\u00fcnstiger Holztafelbauweise.","robots":{"index":"index","follow":"follow","max-snippet":"max-snippet:-1","max-image-preview":"max-image-preview:large","max-video-preview":"max-video-preview:-1"},"canonical":"https:\/\/testsystem.meisel-webdesign.de\/rs\/projekt\/mensa-der-annedore-leber_grundschule\/","og_locale":"de_DE","og_type":"article","og_title":"Mensa der Annedore-Leber-Grundschule - Rozynski Sturm Architekten","og_description":"Neubau eines Gruppenhaus und einer Mensa f\u00fcr eine Grundschule in Berlin. Vorfertigung in schneller und kosteng\u00fcnstiger Holztafelbauweise.","og_url":"https:\/\/testsystem.meisel-webdesign.de\/rs\/projekt\/mensa-der-annedore-leber_grundschule\/","og_site_name":"Rozynski Sturm Architekten","article_modified_time":"2026-03-27T14:41:03+00:00","og_image":[{"width":1726,"height":2560,"url":"https:\/\/testsystem.meisel-webdesign.de\/rs\/wp-content\/uploads\/2026\/02\/06_web_RS_Anne-Dore-Leber-Grundschule_Eiche-im-Steg-bearbeitet-heller-scaled.jpg","type":"image\/jpeg"}],"twitter_card":"summary_large_image","twitter_misc":{"Gesch\u00e4tzte Lesezeit":"4\u00a0Minuten"},"schema":{"@context":"https:\/\/schema.org","@graph":[{"@type":"WebPage","@id":"https:\/\/testsystem.meisel-webdesign.de\/rs\/projekt\/mensa-der-annedore-leber_grundschule\/","url":"https:\/\/testsystem.meisel-webdesign.de\/rs\/projekt\/mensa-der-annedore-leber_grundschule\/","name":"Mensa der Annedore-Leber-Grundschule - Rozynski Sturm Architekten","isPartOf":{"@id":"https:\/\/testsystem.meisel-webdesign.de\/rs\/#website"},"primaryImageOfPage":{"@id":"https:\/\/testsystem.meisel-webdesign.de\/rs\/projekt\/mensa-der-annedore-leber_grundschule\/#primaryimage"},"image":{"@id":"https:\/\/testsystem.meisel-webdesign.de\/rs\/projekt\/mensa-der-annedore-leber_grundschule\/#primaryimage"},"thumbnailUrl":"https:\/\/testsystem.meisel-webdesign.de\/rs\/wp-content\/uploads\/2026\/02\/06_web_RS_Anne-Dore-Leber-Grundschule_Eiche-im-Steg-bearbeitet-heller-scaled.jpg","datePublished":"2026-02-24T10:39:13+00:00","dateModified":"2026-03-27T14:41:03+00:00","description":"Neubau eines Gruppenhaus und einer Mensa f\u00fcr eine Grundschule in Berlin. Vorfertigung in schneller und kosteng\u00fcnstiger Holztafelbauweise.","breadcrumb":{"@id":"https:\/\/testsystem.meisel-webdesign.de\/rs\/projekt\/mensa-der-annedore-leber_grundschule\/#breadcrumb"},"inLanguage":"de","potentialAction":[{"@type":"ReadAction","target":["https:\/\/testsystem.meisel-webdesign.de\/rs\/projekt\/mensa-der-annedore-leber_grundschule\/"]}]},{"@type":"ImageObject","inLanguage":"de","@id":"https:\/\/testsystem.meisel-webdesign.de\/rs\/projekt\/mensa-der-annedore-leber_grundschule\/#primaryimage","url":"https:\/\/testsystem.meisel-webdesign.de\/rs\/wp-content\/uploads\/2026\/02\/06_web_RS_Anne-Dore-Leber-Grundschule_Eiche-im-Steg-bearbeitet-heller-scaled.jpg","contentUrl":"https:\/\/testsystem.meisel-webdesign.de\/rs\/wp-content\/uploads\/2026\/02\/06_web_RS_Anne-Dore-Leber-Grundschule_Eiche-im-Steg-bearbeitet-heller-scaled.jpg","width":1726,"height":2560,"caption":"WH529-6"},{"@type":"BreadcrumbList","@id":"https:\/\/testsystem.meisel-webdesign.de\/rs\/projekt\/mensa-der-annedore-leber_grundschule\/#breadcrumb","itemListElement":[{"@type":"ListItem","position":1,"name":"Start","item":"https:\/\/testsystem.meisel-webdesign.de\/rs\/"},{"@type":"ListItem","position":2,"name":"Mensa der Annedore-Leber-Grundschule"}]},{"@type":"WebSite","@id":"https:\/\/testsystem.meisel-webdesign.de\/rs\/#website","url":"https:\/\/testsystem.meisel-webdesign.de\/rs\/","name":"Rozynski Sturm Architekten","description":"","potentialAction":[{"@type":"SearchAction","target":{"@type":"EntryPoint","urlTemplate":"https:\/\/testsystem.meisel-webdesign.de\/rs\/?s={search_term_string}"},"query-input":{"@type":"PropertyValueSpecification","valueRequired":true,"valueName":"search_term_string"}}],"inLanguage":"de"}]}},"_links":{"self":[{"href":"https:\/\/testsystem.meisel-webdesign.de\/rs\/wp-json\/wp\/v2\/projekt\/166","targetHints":{"allow":["GET"]}}],"collection":[{"href":"https:\/\/testsystem.meisel-webdesign.de\/rs\/wp-json\/wp\/v2\/projekt"}],"about":[{"href":"https:\/\/testsystem.meisel-webdesign.de\/rs\/wp-json\/wp\/v2\/types\/projekt"}],"wp:featuredmedia":[{"embeddable":true,"href":"https:\/\/testsystem.meisel-webdesign.de\/rs\/wp-json\/wp\/v2\/media\/910"}],"wp:attachment":[{"href":"https:\/\/testsystem.meisel-webdesign.de\/rs\/wp-json\/wp\/v2\/media?parent=166"}],"wp:term":[{"taxonomy":"projekttyp","embeddable":true,"href":"https:\/\/testsystem.meisel-webdesign.de\/rs\/wp-json\/wp\/v2\/projekttyp?post=166"}],"curies":[{"name":"wp","href":"https:\/\/api.w.org\/{rel}","templated":true}]}}